{"id":21883,"date":"2017-06-16T12:26:09","date_gmt":"2017-06-16T10:26:09","guid":{"rendered":"https:\/\/artipelag.se\/publikt-evenemang\/konsert-med-sopranen-kerstin-avemo\/"},"modified":"2024-12-23T13:16:15","modified_gmt":"2024-12-23T12:16:15","slug":"concert-with-soprano-kerstin-avemo","status":"publish","type":"cpt_events","link":"https:\/\/artipelag.se\/en\/art-museum\/previous-events\/concert-with-soprano-kerstin-avemo\/","title":{"rendered":"Concert with soprano singer Kerstin Avemo"},"content":{"rendered":"<div class=\"max-w-screen-md mt-5 mx-auto first:mt-0\"><div\n  class=\"prose sm:prose-lg lg:prose-xl\"\n  x-data=\"\"\n  x-init=\"$nextTick(function () {\n    const videoEmbeds = document.querySelectorAll('.wp-block-embed.is-type-video');\n    videoEmbeds.forEach(function (embed) {\n      if (!embed.classList.contains('wp-embed-aspect-16-9') || !embed.classList.contains('wp-has-aspect-ratio')) {\n        embed.classList.add('wp-embed-aspect-16-9', 'wp-has-aspect-ratio');\n      }\n    });\n  })\"\n>\n  \r\n<p><strong><a href=\"http:\/\/www.ticketmaster.se\/event\/472971\" target=\"_blank\" rel=\"noopener noreferrer\"><br>\nBuy Tickets &gt;&gt;<\/a><\/strong>\u00a0<strong><br>\n<\/strong><\/p>\r\n\n<\/div>\n<\/div>\r\n\r\n<div class=\"max-w-screen-md mt-5 mx-auto first:mt-0\"><div\n  class=\"prose sm:prose-lg lg:prose-xl\"\n  x-data=\"\"\n  x-init=\"$nextTick(function () {\n    const videoEmbeds = document.querySelectorAll('.wp-block-embed.is-type-video');\n    videoEmbeds.forEach(function (embed) {\n      if (!embed.classList.contains('wp-embed-aspect-16-9') || !embed.classList.contains('wp-has-aspect-ratio')) {\n        embed.classList.add('wp-embed-aspect-16-9', 'wp-has-aspect-ratio');\n      }\n    });\n  })\"\n>\n  \r\n<p><strong>In connection with the closing weekend of the <i>Morandi \/ Edmund de Waal<\/i>\u00a0exhibition, Artipelag will on September 30<sup>th<\/sup> arrange a concert with world-renowned soprano singer Kerstin Avemo and a chamber orchestra. The songlist for the evening was developed by conductor Staffan M\u00e5rtensson who was inspired by the exhibition\u2019s questions about concepts like contemplation, meditation, and silence.\u00a0<\/strong><\/p>\r\n\n<\/div>\n<\/div>\r\n\r\n<div class=\"max-w-screen-md mt-5 mx-auto first:mt-0\"><div\n  class=\"prose sm:prose-lg lg:prose-xl\"\n  x-data=\"\"\n  x-init=\"$nextTick(function () {\n    const videoEmbeds = document.querySelectorAll('.wp-block-embed.is-type-video');\n    videoEmbeds.forEach(function (embed) {\n      if (!embed.classList.contains('wp-embed-aspect-16-9') || !embed.classList.contains('wp-has-aspect-ratio')) {\n        embed.classList.add('wp-embed-aspect-16-9', 'wp-has-aspect-ratio');\n      }\n    });\n  })\"\n>\n  \r\n<p><a href=\"https:\/\/en.wikipedia.org\/wiki\/Kerstin_Avemo\" target=\"_blank\" rel=\"noopener noreferrer\">Kerstin Avemo<\/a>\u00a0will perform works by H\u00e4ndel, Villa-Lobos and Beethoven. The orchestra will join with string music by P\u00e4rt and Elfrida Andr\u00e9, baroque music by Mozart, and Schubert\u2019s fifth symphony.<\/p>\r\n\n<\/div>\n<\/div>\r\n\r\n<div class=\"max-w-screen-md mt-5 mx-auto first:mt-0\"><div\n  class=\"prose sm:prose-lg lg:prose-xl\"\n  x-data=\"\"\n  x-init=\"$nextTick(function () {\n    const videoEmbeds = document.querySelectorAll('.wp-block-embed.is-type-video');\n    videoEmbeds.forEach(function (embed) {\n      if (!embed.classList.contains('wp-embed-aspect-16-9') || !embed.classList.contains('wp-has-aspect-ratio')) {\n        embed.classList.add('wp-embed-aspect-16-9', 'wp-has-aspect-ratio');\n      }\n    });\n  })\"\n>\n  \r\n<p>The\u00a0<a href=\"\/?p=17797\"><em>Morandi \/ Edmund de Waal<\/em><\/a>\u00a0exhibition continues until October 1<sup>st<\/sup>, 2017. Here, the contemporary British ceramic artist and author Edmund de Waal meets the cultured Italian painter Giorgio Morando who devoted much of his professional career to the still life of everyday ceramic objects. It is not, however, the ceramics that link these artists, but an effort to provide space for slow contemplation and lingering afterthought.<\/p>\r\n\n<\/div>\n<\/div>\r\n\r\n<div class=\"max-w-screen-md mt-5 mx-auto first:mt-0\"><div\n  class=\"prose sm:prose-lg lg:prose-xl\"\n  x-data=\"\"\n  x-init=\"$nextTick(function () {\n    const videoEmbeds = document.querySelectorAll('.wp-block-embed.is-type-video');\n    videoEmbeds.forEach(function (embed) {\n      if (!embed.classList.contains('wp-embed-aspect-16-9') || !embed.classList.contains('wp-has-aspect-ratio')) {\n        embed.classList.add('wp-embed-aspect-16-9', 'wp-has-aspect-ratio');\n      }\n    });\n  })\"\n>\n  \r\n<p>\u201dI went around the exhibition and was met by a sense of meditation and reflection. I have searched for music with the same elevated silence and purity of expression.\u201d<br>\n\u2013<a href=\"http:\/\/www.staffanmartensson.com\/\" target=\"_blank\" rel=\"noopener noreferrer\"> Staffan M\u00e5rtensson<\/a>, conductor.<\/p>\r\n\n<\/div>\n<\/div>\r\n\r\n<div class=\"max-w-screen-md mt-5 mx-auto first:mt-0\"><div\n  class=\"prose sm:prose-lg lg:prose-xl\"\n  x-data=\"\"\n  x-init=\"$nextTick(function () {\n    const videoEmbeds = document.querySelectorAll('.wp-block-embed.is-type-video');\n    videoEmbeds.forEach(function (embed) {\n      if (!embed.classList.contains('wp-embed-aspect-16-9') || !embed.classList.contains('wp-has-aspect-ratio')) {\n        embed.classList.add('wp-embed-aspect-16-9', 'wp-has-aspect-ratio');\n      }\n    });\n  })\"\n>\n  \r\n<p>An art experience at Artipelag is more than just the exhibits; nature, architecture, and light \u2013 everything interacts with its surrounding environment and the music at this special concert is intended to help deepen your visit.<\/p>\r\n\n<\/div>\n<\/div>\r\n\r\n<div class=\"max-w-screen-md mt-5 mx-auto first:mt-0\"><div\n  class=\"prose sm:prose-lg lg:prose-xl\"\n  x-data=\"\"\n  x-init=\"$nextTick(function () {\n    const videoEmbeds = document.querySelectorAll('.wp-block-embed.is-type-video');\n    videoEmbeds.forEach(function (embed) {\n      if (!embed.classList.contains('wp-embed-aspect-16-9') || !embed.classList.contains('wp-has-aspect-ratio')) {\n        embed.classList.add('wp-embed-aspect-16-9', 'wp-has-aspect-ratio');\n      }\n    });\n  })\"\n>\n  \r\n<p>Kerstin Avemo was educated at the Stockholm Opera School and sings professionally on some of Europe\u2019s largest stages. She has recently had huge success in <em>La Traviata<\/em>\u00a0at the Gothenburg Opera House. At Artipelag, she was last seen in Autumn 2014, performing H\u00e4ndel\u2019s\u00a0<em>Xerxes<\/em>. In the film world, Kerstin Avemo is a recurring name \u2013 among other roles, she played alongside John Malkovich in\u00a0<em>Casanova Variations<\/em>.<\/p>\r\n\n<\/div>\n<\/div>\r\n\r\n<div class=\"max-w-screen-md mt-5 mx-auto first:mt-0\"><div\n  class=\"prose sm:prose-lg lg:prose-xl\"\n  x-data=\"\"\n  x-init=\"$nextTick(function () {\n    const videoEmbeds = document.querySelectorAll('.wp-block-embed.is-type-video');\n    videoEmbeds.forEach(function (embed) {\n      if (!embed.classList.contains('wp-embed-aspect-16-9') || !embed.classList.contains('wp-has-aspect-ratio')) {\n        embed.classList.add('wp-embed-aspect-16-9', 'wp-has-aspect-ratio');\n      }\n    });\n  })\"\n>\n  \r\n<p>In addition to conductor, Staffan M\u00e5rtensson has been a solo clarinetist in the Royal Chapel and has served as the artistic director of \u00d6sterg\u00f6tland\u2019s Music Days. For this concert, he has put together a chamber orchestra with some of Stockholm\u2019s premier young musicians.<\/p>\r\n\n<\/div>\n<\/div>\r\n\r\n<div class=\"max-w-screen-md mt-5 mt-5 mx-auto xl:mt-8 xl:mt-8 mt-5 mx-auto xl:mt-8 first:mt-0\">\r\n<h3 id=\"tickets\" class=\" wp-block-heading\">Tickets<\/h3>\r\n<\/div>\r\n\r\n<div class=\"max-w-screen-md mt-5 mx-auto first:mt-0\"><div\n  class=\"prose sm:prose-lg lg:prose-xl\"\n  x-data=\"\"\n  x-init=\"$nextTick(function () {\n    const videoEmbeds = document.querySelectorAll('.wp-block-embed.is-type-video');\n    videoEmbeds.forEach(function (embed) {\n      if (!embed.classList.contains('wp-embed-aspect-16-9') || !embed.classList.contains('wp-has-aspect-ratio')) {\n        embed.classList.add('wp-embed-aspect-16-9', 'wp-has-aspect-ratio');\n      }\n    });\n  })\"\n>\n  \r\n<p>The concert price is SEK 395 per person. For youth up to (and including) 18 years, the price is SEK 295.<br>\n<a href=\"http:\/\/www.ticketmaster.se\/event\/472971\" target=\"_blank\" rel=\"noopener noreferrer\">Buy Tickets &gt;&gt;<\/a><strong><br>\n<\/strong><\/p>\r\n\n<\/div>\n<\/div>\r\n\r\n<div class=\"max-w-screen-md mt-5 mt-5 mx-auto xl:mt-8 xl:mt-8 mt-5 mx-auto xl:mt-8 first:mt-0\">\r\n<h3 id=\"duration\" class=\" wp-block-heading\">Duration<\/h3>\r\n<\/div>\r\n\r\n<div class=\"max-w-screen-md mt-5 mx-auto first:mt-0\"><div\n  class=\"prose sm:prose-lg lg:prose-xl\"\n  x-data=\"\"\n  x-init=\"$nextTick(function () {\n    const videoEmbeds = document.querySelectorAll('.wp-block-embed.is-type-video');\n    videoEmbeds.forEach(function (embed) {\n      if (!embed.classList.contains('wp-embed-aspect-16-9') || !embed.classList.contains('wp-has-aspect-ratio')) {\n        embed.classList.add('wp-embed-aspect-16-9', 'wp-has-aspect-ratio');\n      }\n    });\n  })\"\n>\n  \r\n<p>The concert begins at 7.30 pm in the <a href=\"\/?page_id=570\">Artbox<\/a>\u00a0and will run for approximately 70 minutes. There will be a 30 minute intermission at the mid-way mark.<\/p>\r\n\n<\/div>\n<\/div>\r\n\r\n<div class=\"max-w-screen-md mt-5 mt-5 mx-auto xl:mt-8 xl:mt-8 mt-5 mx-auto xl:mt-8 first:mt-0\">\r\n<h3 id=\"transportation\" class=\" wp-block-heading\">Transportation<\/h3>\r\n<\/div>\r\n\r\n<div class=\"max-w-screen-md mt-5 mx-auto first:mt-0\"><div\n  class=\"prose sm:prose-lg lg:prose-xl\"\n  x-data=\"\"\n  x-init=\"$nextTick(function () {\n    const videoEmbeds = document.querySelectorAll('.wp-block-embed.is-type-video');\n    videoEmbeds.forEach(function (embed) {\n      if (!embed.classList.contains('wp-embed-aspect-16-9') || !embed.classList.contains('wp-has-aspect-ratio')) {\n        embed.classList.add('wp-embed-aspect-16-9', 'wp-has-aspect-ratio');\n      }\n    });\n  })\"\n>\n  \r\n<p>A direct bus from Stockholm city centre to Artipelag will depart at 4.30 pm and 6.30 pm. A round-trip journey is SEK 100 per person. A seat on the bus can be booked in conjunction with your ticket purchase.<\/p>\r\n\n<\/div>\n<\/div>\r\n\r\n<div class=\"max-w-screen-md mt-5 mx-auto first:mt-0\"><div\n  class=\"prose sm:prose-lg lg:prose-xl\"\n  x-data=\"\"\n  x-init=\"$nextTick(function () {\n    const videoEmbeds = document.querySelectorAll('.wp-block-embed.is-type-video');\n    videoEmbeds.forEach(function (embed) {\n      if (!embed.classList.contains('wp-embed-aspect-16-9') || !embed.classList.contains('wp-has-aspect-ratio')) {\n        embed.classList.add('wp-embed-aspect-16-9', 'wp-has-aspect-ratio');\n      }\n    });\n  })\"\n>\n  \r\n<p>The buses, which are yellow and operated by <a href=\"http:\/\/www.travellerbuss.se\/\" target=\"_blank\" rel=\"noopener noreferrer\">Traveller<\/a>, depart from Vasagatan near <a href=\"https:\/\/www.google.se\/maps\/place\/Centralplan+9,+111+20+Stockholm\/@59.330183,18.0589956,18z\/data=%214m5%213m4%211s0x465f9d5fd816003d:0xbf195ade84c2d3a7%218m2%213d59.3298947%214d18.0592627\" target=\"_blank\" rel=\"noopener noreferrer\">Centralplan 9<\/a> (the small turnaround space outside of <a href=\"https:\/\/olearys.se\/stockholm-central\/\" target=\"_blank\" rel=\"noopener noreferrer\">O\u2019Leary\u2019s<\/a>). A sign with the text \u201dArtipelag\u201d can be found at the departure point.<\/p>\r\n\n<\/div>\n<\/div>\r\n\r\n<div class=\"max-w-screen-md mt-5 mt-5 mx-auto xl:mt-8 xl:mt-8 mt-5 mx-auto xl:mt-8 first:mt-0\">\r\n<h3 id=\"opera-buffet\" class=\" wp-block-heading\">Opera Buffet<\/h3>\r\n<\/div>\r\n\r\n<div class=\"max-w-screen-md mt-5 mx-auto first:mt-0\"><div\n  class=\"prose sm:prose-lg lg:prose-xl\"\n  x-data=\"\"\n  x-init=\"$nextTick(function () {\n    const videoEmbeds = document.querySelectorAll('.wp-block-embed.is-type-video');\n    videoEmbeds.forEach(function (embed) {\n      if (!embed.classList.contains('wp-embed-aspect-16-9') || !embed.classList.contains('wp-has-aspect-ratio')) {\n        embed.classList.add('wp-embed-aspect-16-9', 'wp-has-aspect-ratio');\n      }\n    });\n  })\"\n>\n  \r\n<p>The buffet includes a selection of starters, several hot dishes, soup, salad bar, marmalade and cheese tray, homemade bread, fresh fruit, coffee and tea. In addition, we will be offering a delicious dessert table signed our Pastry chef Fredrik Otterberg consisting of various sweet delights to finish your meal. The Opera Buffet is served from 5 pm. Priced at SEK 345.<\/p>\r\n\n<\/div>\n<\/div>\r\n\r\n<div class=\"max-w-screen-md mt-5 mt-5 mx-auto xl:mt-8 xl:mt-8 mt-5 mx-auto xl:mt-8 first:mt-0\">\r\n<h3 id=\"break-package\" class=\" wp-block-heading\">Break Package<\/h3>\r\n<\/div>\r\n\r\n<div class=\"max-w-screen-md mt-5 mx-auto first:mt-0\"><div\n  class=\"prose sm:prose-lg lg:prose-xl\"\n  x-data=\"\"\n  x-init=\"$nextTick(function () {\n    const videoEmbeds = document.querySelectorAll('.wp-block-embed.is-type-video');\n    videoEmbeds.forEach(function (embed) {\n      if (!embed.classList.contains('wp-embed-aspect-16-9') || !embed.classList.contains('wp-has-aspect-ratio')) {\n        embed.classList.add('wp-embed-aspect-16-9', 'wp-has-aspect-ratio');\n      }\n    });\n  })\"\n>\n  \r\n<p><strong>Break Package 1<\/strong><br>\nCoffee\/Tea and a sweet baked treat.<br>\n<em>SEK 95<\/em><\/p>\r\n\n<\/div>\n<\/div>\r\n\r\n<div class=\"max-w-screen-md mt-5 mx-auto first:mt-0\"><div\n  class=\"prose sm:prose-lg lg:prose-xl\"\n  x-data=\"\"\n  x-init=\"$nextTick(function () {\n    const videoEmbeds = document.querySelectorAll('.wp-block-embed.is-type-video');\n    videoEmbeds.forEach(function (embed) {\n      if (!embed.classList.contains('wp-embed-aspect-16-9') || !embed.classList.contains('wp-has-aspect-ratio')) {\n        embed.classList.add('wp-embed-aspect-16-9', 'wp-has-aspect-ratio');\n      }\n    });\n  })\"\n>\n  \r\n<p><strong>Break Package 2<\/strong><br>\nShrimp salad canap\u00e9 with one glass of sparkling wine.<br>\n<em>SEK 140<\/em><\/p>\r\n\n<\/div>\n<\/div>\r\n\r\n<div class=\"max-w-screen-md mt-5 mx-auto first:mt-0\"><div\n  class=\"prose sm:prose-lg lg:prose-xl\"\n  x-data=\"\"\n  x-init=\"$nextTick(function () {\n    const videoEmbeds = document.querySelectorAll('.wp-block-embed.is-type-video');\n    videoEmbeds.forEach(function (embed) {\n      if (!embed.classList.contains('wp-embed-aspect-16-9') || !embed.classList.contains('wp-has-aspect-ratio')) {\n        embed.classList.add('wp-embed-aspect-16-9', 'wp-has-aspect-ratio');\n      }\n    });\n  })\"\n>\n  \r\n<p>The Opera Buffet and Break Packages can be booked in conjuction with your ticket purchase.<\/p>\r\n\n<\/div>\n<\/div>\r\n\r\n<div class=\"max-w-screen-md mt-5 mt-5 mx-auto xl:mt-8 xl:mt-8 mt-5 mx-auto xl:mt-8 first:mt-0\">\r\n<h3 id=\"extended-opening-hours-in-the-art-gallery-and-design-shop\" class=\" wp-block-heading\">Extended Opening Hours in the Art Gallery and Design Shop<\/h3>\r\n<\/div>\r\n\r\n<div class=\"max-w-screen-md mt-5 mx-auto first:mt-0\"><div\n  class=\"prose sm:prose-lg lg:prose-xl\"\n  x-data=\"\"\n  x-init=\"$nextTick(function () {\n    const videoEmbeds = document.querySelectorAll('.wp-block-embed.is-type-video');\n    videoEmbeds.forEach(function (embed) {\n      if (!embed.classList.contains('wp-embed-aspect-16-9') || !embed.classList.contains('wp-has-aspect-ratio')) {\n        embed.classList.add('wp-embed-aspect-16-9', 'wp-has-aspect-ratio');\n      }\n    });\n  })\"\n>\n  \r\n<p>The night of the concert, we have extended the opening hours of the Art Gallery and Design Shop until 7.15 pm. Come and visit the\u00a0<em>Morandi \/ Edmund de Waal<\/em>\u00a0exhibition and shop designer products in our\u00a0<a href=\"\/?page_id=44\">Design Shop<\/a>.<br>\nSee <a href=\"\/?page_id=5800\">our admission fees &gt;&gt;<\/a><\/p>\r\n\n<\/div>\n<\/div>\r\n\r\n\r\n<div class=\"max-w-screen-md mt-5 mt-5 mx-auto xl:mt-8 xl:mt-8 mt-5 mx-auto xl:mt-8 first:mt-0\">\r\n<h2 id=\"kerstin-avemo-sings-caro-nome-from-rigoletto\" class=\" wp-block-heading\">Kerstin Avemo sings <em>Caro nome<\/em> from <em>Rigoletto<\/em><\/h2>\r\n<\/div>\r\n<div class=\"max-w-screen-lg my-8 mx-auto xl:my-16 first:mt-0\">\r\n<figure class=\"wp-block-embed wp-embed-aspect-16-9 wp-has-aspect-ratio is-type-video is-provider-vimeo wp-block-embed-vimeo wp-embed-aspect-16-9 wp-has-aspect-ratio\">\r\n<div class=\"wp-block-embed__wrapper\">\r\n<iframe title=\"Kerstin Avemo sings &quot;Caro nome&quot; from &quot;Rigoletto&quot;\" width=\"500\" height=\"281\" data-cookieblock-src=\"https:\/\/www.youtube-nocookie.com\/embed\/5YZ28-7NLPI?feature=oembed&#038;showinfo=0&#038;rel=0&#038;autohide=1\" data-cookieconsent=\"marketing\" frameborder=\"0\" allow=\"accelerometer; autoplay; clipboard-write; encrypted-media; gyroscope; picture-in-picture; web-share\" referrerpolicy=\"strict-origin-when-cross-origin\" allowfullscreen><\/iframe>\r\n<\/div>\r\n<\/figure>\r\n<\/div>\r\n<div class=\"max-w-screen-lg mx-auto first:mt-0\">\r\n<div class=\"wp-block-columns is-layout-flex wp-container-core-columns-is-layout-9d6595d7 wp-block-columns-is-layout-flex\">\r\n\r\n<div class=\"wp-block-column space-y-4 lg:space-y-5 is-layout-flow wp-block-column space-y-4 lg:space-y-5-is-layout-flow\">\r\n<div class=\"max-w-screen-md my-8 my-8 mx-auto xl:my-16 xl:my-16 my-8 mx-auto xl:my-16 first:mt-0\">\r\n<figure class=\"wp-block-image size-medium\">\r\n<img decoding=\"async\" width=\"570\" height=\"368\" src=\"https:\/\/cdn.artipelag.se\/app\/uploads\/2017\/06\/staffan-martensson-foto-stefan-nilsson-570x368-px.jpg?strip=all&resize=570%2C368\" alt=\"Foto p\u00e5 Staffan M\u00e5rtensson\" class=\"wp-image-21851\" \/>\r\n<figcaption class=\"mt-2 mb-0 text-sm xl:text-base\">Foto p\u00e5 Staffan M\u00e5rtensson.<\/figcaption>\r\n<\/figure>\r\n<\/div>\r\n\r\n<\/div>\r\n\r\n\r\n<div class=\"wp-block-column space-y-4 lg:space-y-5 is-layout-flow wp-block-column space-y-4 lg:space-y-5-is-layout-flow\">\r\n<div class=\"max-w-screen-md my-8 my-8 mx-auto xl:my-16 xl:my-16 my-8 mx-auto xl:my-16 first:mt-0\">\r\n<figure class=\"wp-block-image size-medium\">\r\n<img decoding=\"async\" width=\"570\" height=\"368\" src=\"https:\/\/cdn.artipelag.se\/app\/uploads\/2017\/06\/kerstin-avemo-1-570x368-px.jpg?strip=all&resize=570%2C368\" alt=\"Foto p\u00e5 Kerstin Avemo\" class=\"wp-image-21849\" \/>\r\n<figcaption class=\"mt-2 mb-0 text-sm xl:text-base\">Foto p\u00e5 Kerstin Avemo.<\/figcaption>\r\n<\/figure>\r\n<\/div>\r\n\r\n<\/div>\r\n\r\n<\/div>\r\n<\/div>\r\n","protected":false},"featured_media":21822,"template":"","class_list":["post-21883","cpt_events","type-cpt_events","status-publish","has-post-thumbnail","hentry"],"acf":[],"yoast_head":"<!-- This site is optimized with the Yoast SEO Premium plugin v26.7 (Yoast SEO v26.7) - https:\/\/yoast.com\/wordpress\/plugins\/seo\/ -->\n<title>Concert with soprano singer Kerstin Avemo - Artipelag<\/title>\n<meta name=\"description\" content=\"On Saturday, September 30th, Artipelag has arranged a concert with world-renowned soprano singer Kerstin Avemo and a chamber orchestra.\" \/>\n<meta name=\"robots\" content=\"index, follow, max-snippet:-1, max-image-preview:large, max-video-preview:-1\" \/>\n<link rel=\"canonical\" href=\"https:\/\/artipelag.se\/en\/art-museum\/previous-events\/concert-with-soprano-kerstin-avemo\/\" \/>\n<meta property=\"og:locale\" content=\"en_US\" \/>\n<meta property=\"og:type\" content=\"article\" \/>\n<meta property=\"og:title\" content=\"Concert with soprano singer Kerstin Avemo\" \/>\n<meta property=\"og:description\" content=\"On Saturday, September 30th, Artipelag has arranged a concert with world-renowned soprano singer Kerstin Avemo and a chamber orchestra.\" \/>\n<meta property=\"og:url\" content=\"https:\/\/artipelag.se\/en\/art-museum\/previous-events\/concert-with-soprano-kerstin-avemo\/\" \/>\n<meta property=\"og:site_name\" content=\"Artipelag\" \/>\n<meta property=\"article:publisher\" content=\"https:\/\/www.facebook.com\/artipelag\/\" \/>\n<meta property=\"article:modified_time\" content=\"2024-12-23T12:16:15+00:00\" \/>\n<meta property=\"og:image\" content=\"https:\/\/artipelag.se\/app\/uploads\/2017\/06\/kerstin-avemo-1170x488.jpg\" \/>\n\t<meta property=\"og:image:width\" content=\"1170\" \/>\n\t<meta property=\"og:image:height\" content=\"488\" \/>\n\t<meta property=\"og:image:type\" content=\"image\/jpeg\" \/>\n<meta name=\"twitter:card\" content=\"summary_large_image\" \/>\n<meta name=\"twitter:site\" content=\"@artipelag\" \/>\n<meta name=\"twitter:label1\" content=\"Est. reading time\" \/>\n\t<meta name=\"twitter:data1\" content=\"3 minutes\" \/>\n<script type=\"application\/ld+json\" class=\"yoast-schema-graph\">{\"@context\":\"https:\/\/schema.org\",\"@graph\":[{\"@type\":\"WebPage\",\"@id\":\"https:\/\/artipelag.se\/en\/art-museum\/previous-events\/concert-with-soprano-kerstin-avemo\/\",\"url\":\"https:\/\/artipelag.se\/en\/art-museum\/previous-events\/concert-with-soprano-kerstin-avemo\/\",\"name\":\"Concert with soprano singer Kerstin Avemo - Artipelag\",\"isPartOf\":{\"@id\":\"https:\/\/artipelag.se\/en\/#website\"},\"primaryImageOfPage\":{\"@id\":\"https:\/\/artipelag.se\/en\/art-museum\/previous-events\/concert-with-soprano-kerstin-avemo\/#primaryimage\"},\"image\":{\"@id\":\"https:\/\/artipelag.se\/en\/art-museum\/previous-events\/concert-with-soprano-kerstin-avemo\/#primaryimage\"},\"thumbnailUrl\":\"https:\/\/cdn.artipelag.se\/app\/uploads\/2017\/06\/kerstin-avemo-1170x488.jpg?strip=all\",\"datePublished\":\"2017-06-16T10:26:09+00:00\",\"dateModified\":\"2024-12-23T12:16:15+00:00\",\"description\":\"On Saturday, September 30th, Artipelag has arranged a concert with world-renowned soprano singer Kerstin Avemo and a chamber orchestra.\",\"breadcrumb\":{\"@id\":\"https:\/\/artipelag.se\/en\/art-museum\/previous-events\/concert-with-soprano-kerstin-avemo\/#breadcrumb\"},\"inLanguage\":\"en-US\",\"potentialAction\":[{\"@type\":\"ReadAction\",\"target\":[\"https:\/\/artipelag.se\/en\/art-museum\/previous-events\/concert-with-soprano-kerstin-avemo\/\"]}]},{\"@type\":\"ImageObject\",\"inLanguage\":\"en-US\",\"@id\":\"https:\/\/artipelag.se\/en\/art-museum\/previous-events\/concert-with-soprano-kerstin-avemo\/#primaryimage\",\"url\":\"https:\/\/cdn.artipelag.se\/app\/uploads\/2017\/06\/kerstin-avemo-1170x488.jpg?strip=all\",\"contentUrl\":\"https:\/\/cdn.artipelag.se\/app\/uploads\/2017\/06\/kerstin-avemo-1170x488.jpg?strip=all\",\"width\":1170,\"height\":488,\"caption\":\"Concert with Kerstin Avemo.\"},{\"@type\":\"BreadcrumbList\",\"@id\":\"https:\/\/artipelag.se\/en\/art-museum\/previous-events\/concert-with-soprano-kerstin-avemo\/#breadcrumb\",\"itemListElement\":[{\"@type\":\"ListItem\",\"position\":1,\"name\":\"Hem\",\"item\":\"https:\/\/artipelag.se\/en\/\"},{\"@type\":\"ListItem\",\"position\":2,\"name\":\"Tidigare evenemang\",\"item\":\"https:\/\/artipelag.se\/en\/art-museum\/previous-events\/\"},{\"@type\":\"ListItem\",\"position\":3,\"name\":\"Concert with soprano singer Kerstin Avemo\"}]},{\"@type\":\"WebSite\",\"@id\":\"https:\/\/artipelag.se\/en\/#website\",\"url\":\"https:\/\/artipelag.se\/en\/\",\"name\":\"Artipelag\",\"description\":\"Artipelag is a new international venue for art, good food, events and activities \u2013 beautifully set on V\u00e4rmd\u00f6 in the Stockholm Archipelago, just 20 minutes from the city centre.\",\"publisher\":{\"@id\":\"https:\/\/artipelag.se\/en\/#organization\"},\"potentialAction\":[{\"@type\":\"SearchAction\",\"target\":{\"@type\":\"EntryPoint\",\"urlTemplate\":\"https:\/\/artipelag.se\/en\/?s={search_term_string}\"},\"query-input\":{\"@type\":\"PropertyValueSpecification\",\"valueRequired\":true,\"valueName\":\"search_term_string\"}}],\"inLanguage\":\"en-US\"},{\"@type\":\"Organization\",\"@id\":\"https:\/\/artipelag.se\/en\/#organization\",\"name\":\"Artipelag\",\"url\":\"https:\/\/artipelag.se\/en\/\",\"logo\":{\"@type\":\"ImageObject\",\"inLanguage\":\"en-US\",\"@id\":\"https:\/\/artipelag.se\/en\/#\/schema\/logo\/image\/\",\"url\":\"https:\/\/artipelag.se\/app\/uploads\/2015\/09\/logga2.jpg\",\"contentUrl\":\"https:\/\/artipelag.se\/app\/uploads\/2015\/09\/logga2.jpg\",\"width\":700,\"height\":700,\"caption\":\"Artipelag\"},\"image\":{\"@id\":\"https:\/\/artipelag.se\/en\/#\/schema\/logo\/image\/\"},\"sameAs\":[\"https:\/\/www.facebook.com\/artipelag\/\",\"https:\/\/x.com\/artipelag\",\"https:\/\/www.instagram.com\/artipelag\/\",\"https:\/\/www.linkedin.com\/company\/artipelag\",\"https:\/\/www.youtube.com\/user\/ArtipelagSweden\"]}]}<\/script>\n<!-- \/ Yoast SEO Premium plugin. -->","yoast_head_json":{"title":"Concert with soprano singer Kerstin Avemo - Artipelag","description":"On Saturday, September 30th, Artipelag has arranged a concert with world-renowned soprano singer Kerstin Avemo and a chamber orchestra.","robots":{"index":"index","follow":"follow","max-snippet":"max-snippet:-1","max-image-preview":"max-image-preview:large","max-video-preview":"max-video-preview:-1"},"canonical":"https:\/\/artipelag.se\/en\/art-museum\/previous-events\/concert-with-soprano-kerstin-avemo\/","og_locale":"en_US","og_type":"article","og_title":"Concert with soprano singer Kerstin Avemo","og_description":"On Saturday, September 30th, Artipelag has arranged a concert with world-renowned soprano singer Kerstin Avemo and a chamber orchestra.","og_url":"https:\/\/artipelag.se\/en\/art-museum\/previous-events\/concert-with-soprano-kerstin-avemo\/","og_site_name":"Artipelag","article_publisher":"https:\/\/www.facebook.com\/artipelag\/","article_modified_time":"2024-12-23T12:16:15+00:00","og_image":[{"width":1170,"height":488,"url":"https:\/\/artipelag.se\/app\/uploads\/2017\/06\/kerstin-avemo-1170x488.jpg","type":"image\/jpeg"}],"twitter_card":"summary_large_image","twitter_site":"@artipelag","twitter_misc":{"Est. reading time":"3 minutes"},"schema":{"@context":"https:\/\/schema.org","@graph":[{"@type":"WebPage","@id":"https:\/\/artipelag.se\/en\/art-museum\/previous-events\/concert-with-soprano-kerstin-avemo\/","url":"https:\/\/artipelag.se\/en\/art-museum\/previous-events\/concert-with-soprano-kerstin-avemo\/","name":"Concert with soprano singer Kerstin Avemo - Artipelag","isPartOf":{"@id":"https:\/\/artipelag.se\/en\/#website"},"primaryImageOfPage":{"@id":"https:\/\/artipelag.se\/en\/art-museum\/previous-events\/concert-with-soprano-kerstin-avemo\/#primaryimage"},"image":{"@id":"https:\/\/artipelag.se\/en\/art-museum\/previous-events\/concert-with-soprano-kerstin-avemo\/#primaryimage"},"thumbnailUrl":"https:\/\/cdn.artipelag.se\/app\/uploads\/2017\/06\/kerstin-avemo-1170x488.jpg?strip=all","datePublished":"2017-06-16T10:26:09+00:00","dateModified":"2024-12-23T12:16:15+00:00","description":"On Saturday, September 30th, Artipelag has arranged a concert with world-renowned soprano singer Kerstin Avemo and a chamber orchestra.","breadcrumb":{"@id":"https:\/\/artipelag.se\/en\/art-museum\/previous-events\/concert-with-soprano-kerstin-avemo\/#breadcrumb"},"inLanguage":"en-US","potentialAction":[{"@type":"ReadAction","target":["https:\/\/artipelag.se\/en\/art-museum\/previous-events\/concert-with-soprano-kerstin-avemo\/"]}]},{"@type":"ImageObject","inLanguage":"en-US","@id":"https:\/\/artipelag.se\/en\/art-museum\/previous-events\/concert-with-soprano-kerstin-avemo\/#primaryimage","url":"https:\/\/cdn.artipelag.se\/app\/uploads\/2017\/06\/kerstin-avemo-1170x488.jpg?strip=all","contentUrl":"https:\/\/cdn.artipelag.se\/app\/uploads\/2017\/06\/kerstin-avemo-1170x488.jpg?strip=all","width":1170,"height":488,"caption":"Concert with Kerstin Avemo."},{"@type":"BreadcrumbList","@id":"https:\/\/artipelag.se\/en\/art-museum\/previous-events\/concert-with-soprano-kerstin-avemo\/#breadcrumb","itemListElement":[{"@type":"ListItem","position":1,"name":"Hem","item":"https:\/\/artipelag.se\/en\/"},{"@type":"ListItem","position":2,"name":"Tidigare evenemang","item":"https:\/\/artipelag.se\/en\/art-museum\/previous-events\/"},{"@type":"ListItem","position":3,"name":"Concert with soprano singer Kerstin Avemo"}]},{"@type":"WebSite","@id":"https:\/\/artipelag.se\/en\/#website","url":"https:\/\/artipelag.se\/en\/","name":"Artipelag","description":"Artipelag is a new international venue for art, good food, events and activities \u2013 beautifully set on V\u00e4rmd\u00f6 in the Stockholm Archipelago, just 20 minutes from the city centre.","publisher":{"@id":"https:\/\/artipelag.se\/en\/#organization"},"potentialAction":[{"@type":"SearchAction","target":{"@type":"EntryPoint","urlTemplate":"https:\/\/artipelag.se\/en\/?s={search_term_string}"},"query-input":{"@type":"PropertyValueSpecification","valueRequired":true,"valueName":"search_term_string"}}],"inLanguage":"en-US"},{"@type":"Organization","@id":"https:\/\/artipelag.se\/en\/#organization","name":"Artipelag","url":"https:\/\/artipelag.se\/en\/","logo":{"@type":"ImageObject","inLanguage":"en-US","@id":"https:\/\/artipelag.se\/en\/#\/schema\/logo\/image\/","url":"https:\/\/artipelag.se\/app\/uploads\/2015\/09\/logga2.jpg","contentUrl":"https:\/\/artipelag.se\/app\/uploads\/2015\/09\/logga2.jpg","width":700,"height":700,"caption":"Artipelag"},"image":{"@id":"https:\/\/artipelag.se\/en\/#\/schema\/logo\/image\/"},"sameAs":["https:\/\/www.facebook.com\/artipelag\/","https:\/\/x.com\/artipelag","https:\/\/www.instagram.com\/artipelag\/","https:\/\/www.linkedin.com\/company\/artipelag","https:\/\/www.youtube.com\/user\/ArtipelagSweden"]}]}},"_links":{"self":[{"href":"https:\/\/artipelag.se\/en\/wp-json\/wp\/v2\/cpt_events\/21883","targetHints":{"allow":["GET"]}}],"collection":[{"href":"https:\/\/artipelag.se\/en\/wp-json\/wp\/v2\/cpt_events"}],"about":[{"href":"https:\/\/artipelag.se\/en\/wp-json\/wp\/v2\/types\/cpt_events"}],"version-history":[{"count":14,"href":"https:\/\/artipelag.se\/en\/wp-json\/wp\/v2\/cpt_events\/21883\/revisions"}],"predecessor-version":[{"id":44685,"href":"https:\/\/artipelag.se\/en\/wp-json\/wp\/v2\/cpt_events\/21883\/revisions\/44685"}],"wp:featuredmedia":[{"embeddable":true,"href":"https:\/\/artipelag.se\/en\/wp-json\/wp\/v2\/media\/21822"}],"wp:attachment":[{"href":"https:\/\/artipelag.se\/en\/wp-json\/wp\/v2\/media?parent=21883"}],"curies":[{"name":"wp","href":"https:\/\/api.w.org\/{rel}","templated":true}]}}