{"id":11314,"date":"2016-02-10T13:25:22","date_gmt":"2016-02-10T12:25:22","guid":{"rendered":"https:\/\/artipelag.se\/en\/?post_type=cpt_events&#038;p=11314"},"modified":"2024-12-23T13:16:43","modified_gmt":"2024-12-23T12:16:43","slug":"dinner-concerts-at-artipelag","status":"publish","type":"cpt_events","link":"https:\/\/artipelag.se\/en\/art-museum\/previous-events\/dinner-concerts-at-artipelag\/","title":{"rendered":"Dinner concerts at Artipelag"},"content":{"rendered":"<div class=\"max-w-screen-md mt-5 mx-auto first:mt-0\"><div\n  class=\"prose sm:prose-lg lg:prose-xl\"\n  x-data=\"\"\n  x-init=\"$nextTick(function () {\n    const videoEmbeds = document.querySelectorAll('.wp-block-embed.is-type-video');\n    videoEmbeds.forEach(function (embed) {\n      if (!embed.classList.contains('wp-embed-aspect-16-9') || !embed.classList.contains('wp-has-aspect-ratio')) {\n        embed.classList.add('wp-embed-aspect-16-9', 'wp-has-aspect-ratio');\n      }\n    });\n  })\"\n>\n  \n<p>Artipelag is pleased to announce that we will host dinner concerts at Artipelag Restaurant on Saturday 20:th and 27:th of February. The audience will enjoy delicious food and a music program varying from classical to jazz.<\/p>\n\n<\/div>\n<\/div>\n\n<div class=\"max-w-screen-md mt-5 mt-5 mx-auto xl:mt-8 xl:mt-8 mt-5 mx-auto xl:mt-8 first:mt-0\">\n<h3 id=\"price\" class=\" wp-block-heading\">Price<\/h3>\n<\/div>\n\n<div class=\"max-w-screen-md mt-5 mx-auto first:mt-0\"><div\n  class=\"prose sm:prose-lg lg:prose-xl\"\n  x-data=\"\"\n  x-init=\"$nextTick(function () {\n    const videoEmbeds = document.querySelectorAll('.wp-block-embed.is-type-video');\n    videoEmbeds.forEach(function (embed) {\n      if (!embed.classList.contains('wp-embed-aspect-16-9') || !embed.classList.contains('wp-has-aspect-ratio')) {\n        embed.classList.add('wp-embed-aspect-16-9', 'wp-has-aspect-ratio');\n      }\n    });\n  })\"\n>\n  \n<p>Concert including a three-course dinner: SEK 695\/person (<a href=\"\/?page_id=51\">Art.Pass<\/a> members SEK 595\/person).<br>\nBar ticket (concert only): SEK 295\/person. A cold platter is available at SEK 170.<br>\nPayment is added to the restaurant bill after the concert.<\/p>\n\n<\/div>\n<\/div>\n\n<div class=\"max-w-screen-md mt-5 mx-auto first:mt-0\"><div\n  class=\"prose sm:prose-lg lg:prose-xl\"\n  x-data=\"\"\n  x-init=\"$nextTick(function () {\n    const videoEmbeds = document.querySelectorAll('.wp-block-embed.is-type-video');\n    videoEmbeds.forEach(function (embed) {\n      if (!embed.classList.contains('wp-embed-aspect-16-9') || !embed.classList.contains('wp-has-aspect-ratio')) {\n        embed.classList.add('wp-embed-aspect-16-9', 'wp-has-aspect-ratio');\n      }\n    });\n  })\"\n>\n  \n<p><em>For more information about the dinner menu, see detailed information below for each concert date.&nbsp;The Art.Pass price is valid for two persons per valid Art.Pass membership (period of validity is 12 months starting from day of purchase). Make sure to take your Art.Pass with you to the dinner concert and to claim the special dinner + concert offer when you make your dinner reservation).&nbsp;For cancellations later than 24 hours before the event starts, we will debit the full amount (100%) for the concert and dinner.<\/em><\/p>\n\n<\/div>\n<\/div>\n\n<div class=\"max-w-screen-md mt-5 mt-5 mx-auto xl:mt-8 xl:mt-8 mt-5 mx-auto xl:mt-8 first:mt-0\">\n<h3 id=\"open-hours\" class=\" wp-block-heading\">Open hours<\/h3>\n<\/div>\n\n<div class=\"max-w-screen-md mt-5 mx-auto first:mt-0\"><div\n  class=\"prose sm:prose-lg lg:prose-xl\"\n  x-data=\"\"\n  x-init=\"$nextTick(function () {\n    const videoEmbeds = document.querySelectorAll('.wp-block-embed.is-type-video');\n    videoEmbeds.forEach(function (embed) {\n      if (!embed.classList.contains('wp-embed-aspect-16-9') || !embed.classList.contains('wp-has-aspect-ratio')) {\n        embed.classList.add('wp-embed-aspect-16-9', 'wp-has-aspect-ratio');\n      }\n    });\n  })\"\n>\n  \n<p>Dinner guest are welcome from 5.30 pm.&nbsp;Other guests from 6 pm.&nbsp;Artipelag closes at 9 pm.&nbsp;The concert is in two sets, with one hour for each set.<\/p>\n\n<\/div>\n<\/div>\n\n<div class=\"max-w-screen-md mt-5 mx-auto first:mt-0\"><div\n  class=\"prose sm:prose-lg lg:prose-xl\"\n  x-data=\"\"\n  x-init=\"$nextTick(function () {\n    const videoEmbeds = document.querySelectorAll('.wp-block-embed.is-type-video');\n    videoEmbeds.forEach(function (embed) {\n      if (!embed.classList.contains('wp-embed-aspect-16-9') || !embed.classList.contains('wp-has-aspect-ratio')) {\n        embed.classList.add('wp-embed-aspect-16-9', 'wp-has-aspect-ratio');\n      }\n    });\n  })\"\n>\n  \n<p><em>Free entry for guests with bar or dining tickets to our current exhibition <a href=\"\/?p=6455\">The Monochrome Symphony<\/a>. Refer to your booking at our Information desk. Please note that the offer is only valid the same day as the concert.<\/em><\/p>\n\n<\/div>\n<\/div>\n\n<div class=\"max-w-screen-md mt-5 mt-5 mx-auto xl:mt-8 xl:mt-8 mt-5 mx-auto xl:mt-8 first:mt-0\">\n<h3 id=\"reservation\" class=\" wp-block-heading\">Reservation<\/h3>\n<\/div>\n\n<div class=\"max-w-screen-md mt-5 mx-auto first:mt-0\"><div\n  class=\"prose sm:prose-lg lg:prose-xl\"\n  x-data=\"\"\n  x-init=\"$nextTick(function () {\n    const videoEmbeds = document.querySelectorAll('.wp-block-embed.is-type-video');\n    videoEmbeds.forEach(function (embed) {\n      if (!embed.classList.contains('wp-embed-aspect-16-9') || !embed.classList.contains('wp-has-aspect-ratio')) {\n        embed.classList.add('wp-embed-aspect-16-9', 'wp-has-aspect-ratio');\n      }\n    });\n  })\"\n>\n  \n<p>To make a reservation contact us via email <a href=\"mailto:r&#101;&#115;&#116;&#97;u&#114;a&#110;g&#64;arti&#112;el&#97;g&#46;&#115;e\">&#114;e&#115;ta&#117;&#114;a&#110;g&#64;&#97;&#114;&#116;i&#112;&#101;l&#97;&#103;.se<\/a> or&nbsp;phone no. +46 (0)8 570 130 50 (weekdays 10 am\u20134 pm). Please specify the number of guests, type of ticket and date.<\/p>\n\n<\/div>\n<\/div>\n\n<div class=\"max-w-screen-md mt-5 mt-5 mx-auto xl:mt-8 xl:mt-8 mt-5 mx-auto xl:mt-8 first:mt-0\">\n<h3 id=\"transport\" class=\" wp-block-heading\">Transport<\/h3>\n<\/div>\n\n<div class=\"max-w-screen-md mt-5 mx-auto first:mt-0\"><div\n  class=\"prose sm:prose-lg lg:prose-xl\"\n  x-data=\"\"\n  x-init=\"$nextTick(function () {\n    const videoEmbeds = document.querySelectorAll('.wp-block-embed.is-type-video');\n    videoEmbeds.forEach(function (embed) {\n      if (!embed.classList.contains('wp-embed-aspect-16-9') || !embed.classList.contains('wp-has-aspect-ratio')) {\n        embed.classList.add('wp-embed-aspect-16-9', 'wp-has-aspect-ratio');\n      }\n    });\n  })\"\n>\n  \n<p>Prebook a taxi with V\u00e4rmd\u00f6 Taxi, who offer a flat rate (SEK 110) to\/from V\u00e4rmd\u00f6 Marknad and Artipelag. You can also travel by public transport from Slussen to V\u00e4rmd\u00f6 Marknad. Contact V\u00e4rmd\u00f6 Taxi at phone no. +46 (0)8 570 357 00.<\/p>\n\n<\/div>\n<\/div>\n\n<div class=\"wp-block-text-image-cta module-spacing\">\n    <div class=\"container\">\n      <div\n        class=\"\n          items-center md:flex\n          md:flex-row-reverse\n          \n        \"\n      >\n        <div\n          class=\"\n            md:w-1\/2\n            md:ml-8 xl:ml-16 2xl:ml-24\n          \"\n        >\n                      <div\n  class=\"prose sm:prose-lg lg:prose-xl\"\n  x-data=\"\"\n  x-init=\"$nextTick(function () {\n    const videoEmbeds = document.querySelectorAll('.wp-block-embed.is-type-video');\n    videoEmbeds.forEach(function (embed) {\n      if (!embed.classList.contains('wp-embed-aspect-16-9') || !embed.classList.contains('wp-has-aspect-ratio')) {\n        embed.classList.add('wp-embed-aspect-16-9', 'wp-has-aspect-ratio');\n      }\n    });\n  })\"\n>\n  <h2>Feb 20:th \u2013 Stockholm Chamber Jazz<\/h2>\n              \n                              <p>Jazz is mixed with classical music, Swedish folk music, klezmer and their own material. Bach, Mingus, Mozart, Monk, Quincy Jones, Faur\u00e9, Ellington, Stravinskij. Three voices in harmony.<br \/>\nStaffan M\u00e5rtensson: Grammy winner and solo clarinetist at the Royal Swedish Orchestra.<br \/>\nLennart Simonsson: jazz pianist, composer and teacher. His sound music knowledge has taken him to diverse music scenes such as Stockholm City Theatre and The Late Show with David Letterman.<br \/>\nJan Adefelt: one of Sweden\u2019s most hired bassists. Adefelt has toured with some of Sweden\u2019s leading jazz artist, such as\u00a0Monica Zetterlund, Alice Babs, Putte Wickman and Anders Widmark.<br \/>\nDinner menu February 20:th\u00a0(pre-booking only)<br \/>\nStockholm Chamber Jazz \u2013 V\u00e4sterbron (ljudfil)<br \/>\nStockholm Chamber Jazz (Spotify)<\/p>\n<\/div>\n                  <\/div>\n\n                  <div\n            class=\"\n              mt-8 flex-shrink-0 md:w-1\/2 md:mt-2\n                            -mx-5 sm:mx-0\n                          \"\n          >\n            <figure class=\"h-full relative md:mr-6\">\n              <img decoding=\"async\" width=\"400\" height=\"300\" src=\"https:\/\/cdn.artipelag.se\/app\/uploads\/2016\/01\/stockholm-chamber-jazz-570x368-px-1-400x300.jpg?strip=all&fit=400%2C300\" class=\"w-full object-cover w-full rounded-sm md:hidden\" alt=\"\" \/>\n                <img decoding=\"async\" width=\"570\" height=\"368\" src=\"https:\/\/cdn.artipelag.se\/app\/uploads\/2016\/01\/stockholm-chamber-jazz-570x368-px-1.jpg?strip=all&fit=570%2C368\" class=\"hidden w-full object-cover w-full rounded-sm md:block\" alt=\"\" \/>\n\n                          <\/figure>\n          <\/div>\n              <\/div>\n    <\/div>\n  <\/div>\n\n\n<div class=\"wp-block-text-image-cta module-spacing\">\n    <div class=\"container\">\n      <div\n        class=\"\n          items-center md:flex\n          \n          \n        \"\n      >\n        <div\n          class=\"\n            md:w-1\/2\n            md:mr-8 xl:mr-16 2xl:mr-24\n          \"\n        >\n                      <div\n  class=\"prose sm:prose-lg lg:prose-xl\"\n  x-data=\"\"\n  x-init=\"$nextTick(function () {\n    const videoEmbeds = document.querySelectorAll('.wp-block-embed.is-type-video');\n    videoEmbeds.forEach(function (embed) {\n      if (!embed.classList.contains('wp-embed-aspect-16-9') || !embed.classList.contains('wp-has-aspect-ratio')) {\n        embed.classList.add('wp-embed-aspect-16-9', 'wp-has-aspect-ratio');\n      }\n    });\n  })\"\n>\n  <h2>Feb 27:th \u2013 Bach to Bergman<\/h2>\n              \n                              <p>Stefan Nilsson and Lotta Hasselquist, together with Boel Adler, present a musical journey into the world of movies combining both classical and new material.<br \/>\nComposer and pianist Stefan Nilsson, famous for composing the music to some of Sweden\u2019s most loved movies and television shows. Enjoy his compositions and hear him talk about his collaborations with film makers.<br \/>\nLotta Hasselquist is a bandmaster and concert pianist. She has worked as a conductor at The Royal Dramatic Theatre, accompanied choirs and singers and worked with opera and ballet.<br \/>\nDinner menu Febuary 27:th\u00a0(pre-booking only)<br \/>\nListen to Jubels\u00e5ngen\u00a0(Youtube)<\/p>\n<\/div>\n                  <\/div>\n\n                  <div\n            class=\"\n              mt-8 flex-shrink-0 md:w-1\/2 md:mt-2\n                            -mx-5 sm:mx-0\n                          \"\n          >\n            <figure class=\"h-full relative md:ml-6\">\n              <img decoding=\"async\" width=\"400\" height=\"300\" src=\"https:\/\/cdn.artipelag.se\/app\/uploads\/2016\/01\/lotta-stefan-570x368-px-400x300.jpg?strip=all&fit=400%2C300\" class=\"w-full object-cover w-full rounded-sm md:hidden\" alt=\"\" \/>\n                <img decoding=\"async\" width=\"570\" height=\"368\" src=\"https:\/\/cdn.artipelag.se\/app\/uploads\/2016\/01\/lotta-stefan-570x368-px.jpg?strip=all&fit=570%2C368\" class=\"hidden w-full object-cover w-full rounded-sm md:block\" alt=\"\" \/>\n\n                          <\/figure>\n          <\/div>\n              <\/div>\n    <\/div>\n  <\/div>\n","protected":false},"featured_media":11584,"template":"","class_list":["post-11314","cpt_events","type-cpt_events","status-publish","has-post-thumbnail","hentry"],"acf":[],"yoast_head":"<!-- This site is optimized with the Yoast SEO Premium plugin v26.7 (Yoast SEO v26.7) - https:\/\/yoast.com\/wordpress\/plugins\/seo\/ -->\n<title>Dinner concerts at Artipelag - Artipelag<\/title>\n<meta name=\"robots\" content=\"index, follow, max-snippet:-1, max-image-preview:large, max-video-preview:-1\" \/>\n<link rel=\"canonical\" href=\"https:\/\/artipelag.se\/en\/art-museum\/previous-events\/dinner-concerts-at-artipelag\/\" \/>\n<meta property=\"og:locale\" content=\"en_US\" \/>\n<meta property=\"og:type\" content=\"article\" \/>\n<meta property=\"og:title\" content=\"Dinner concerts at Artipelag\" \/>\n<meta property=\"og:description\" content=\"Artipelag is pleased to announce that we will host dinner concerts at Artipelag Restaurant on Saturday 20:th and 27:th of February. The audience will enjoy delicious food and a music program varying from classical to jazz. Price Concert including a three-course dinner: SEK 695\/person (Art.Pass members SEK 595\/person). Bar ticket (concert only): SEK 295\/person. A &hellip; Continued\" \/>\n<meta property=\"og:url\" content=\"https:\/\/artipelag.se\/en\/art-museum\/previous-events\/dinner-concerts-at-artipelag\/\" \/>\n<meta property=\"og:site_name\" content=\"Artipelag\" \/>\n<meta property=\"article:publisher\" content=\"https:\/\/www.facebook.com\/artipelag\/\" \/>\n<meta property=\"article:modified_time\" content=\"2024-12-23T12:16:43+00:00\" \/>\n<meta property=\"og:image\" content=\"https:\/\/artipelag.se\/app\/uploads\/2016\/01\/middagskonsert-ny-1170x488-px.jpg\" \/>\n\t<meta property=\"og:image:width\" content=\"1170\" \/>\n\t<meta property=\"og:image:height\" content=\"488\" \/>\n\t<meta property=\"og:image:type\" content=\"image\/jpeg\" \/>\n<meta name=\"twitter:card\" content=\"summary_large_image\" \/>\n<meta name=\"twitter:site\" content=\"@artipelag\" \/>\n<meta name=\"twitter:label1\" content=\"Est. reading time\" \/>\n\t<meta name=\"twitter:data1\" content=\"2 minutes\" \/>\n<script type=\"application\/ld+json\" class=\"yoast-schema-graph\">{\"@context\":\"https:\/\/schema.org\",\"@graph\":[{\"@type\":\"WebPage\",\"@id\":\"https:\/\/artipelag.se\/en\/art-museum\/previous-events\/dinner-concerts-at-artipelag\/\",\"url\":\"https:\/\/artipelag.se\/en\/art-museum\/previous-events\/dinner-concerts-at-artipelag\/\",\"name\":\"Dinner concerts at Artipelag - Artipelag\",\"isPartOf\":{\"@id\":\"https:\/\/artipelag.se\/en\/#website\"},\"primaryImageOfPage\":{\"@id\":\"https:\/\/artipelag.se\/en\/art-museum\/previous-events\/dinner-concerts-at-artipelag\/#primaryimage\"},\"image\":{\"@id\":\"https:\/\/artipelag.se\/en\/art-museum\/previous-events\/dinner-concerts-at-artipelag\/#primaryimage\"},\"thumbnailUrl\":\"https:\/\/cdn.artipelag.se\/app\/uploads\/2016\/01\/middagskonsert-ny-1170x488-px.jpg?strip=all\",\"datePublished\":\"2016-02-10T12:25:22+00:00\",\"dateModified\":\"2024-12-23T12:16:43+00:00\",\"breadcrumb\":{\"@id\":\"https:\/\/artipelag.se\/en\/art-museum\/previous-events\/dinner-concerts-at-artipelag\/#breadcrumb\"},\"inLanguage\":\"en-US\",\"potentialAction\":[{\"@type\":\"ReadAction\",\"target\":[\"https:\/\/artipelag.se\/en\/art-museum\/previous-events\/dinner-concerts-at-artipelag\/\"]}]},{\"@type\":\"ImageObject\",\"inLanguage\":\"en-US\",\"@id\":\"https:\/\/artipelag.se\/en\/art-museum\/previous-events\/dinner-concerts-at-artipelag\/#primaryimage\",\"url\":\"https:\/\/cdn.artipelag.se\/app\/uploads\/2016\/01\/middagskonsert-ny-1170x488-px.jpg?strip=all\",\"contentUrl\":\"https:\/\/cdn.artipelag.se\/app\/uploads\/2016\/01\/middagskonsert-ny-1170x488-px.jpg?strip=all\",\"width\":1170,\"height\":488},{\"@type\":\"BreadcrumbList\",\"@id\":\"https:\/\/artipelag.se\/en\/art-museum\/previous-events\/dinner-concerts-at-artipelag\/#breadcrumb\",\"itemListElement\":[{\"@type\":\"ListItem\",\"position\":1,\"name\":\"Hem\",\"item\":\"https:\/\/artipelag.se\/en\/\"},{\"@type\":\"ListItem\",\"position\":2,\"name\":\"Tidigare evenemang\",\"item\":\"https:\/\/artipelag.se\/en\/art-museum\/previous-events\/\"},{\"@type\":\"ListItem\",\"position\":3,\"name\":\"Dinner concerts at Artipelag\"}]},{\"@type\":\"WebSite\",\"@id\":\"https:\/\/artipelag.se\/en\/#website\",\"url\":\"https:\/\/artipelag.se\/en\/\",\"name\":\"Artipelag\",\"description\":\"Artipelag is a new international venue for art, good food, events and activities \u2013 beautifully set on V\u00e4rmd\u00f6 in the Stockholm Archipelago, just 20 minutes from the city centre.\",\"publisher\":{\"@id\":\"https:\/\/artipelag.se\/en\/#organization\"},\"potentialAction\":[{\"@type\":\"SearchAction\",\"target\":{\"@type\":\"EntryPoint\",\"urlTemplate\":\"https:\/\/artipelag.se\/en\/?s={search_term_string}\"},\"query-input\":{\"@type\":\"PropertyValueSpecification\",\"valueRequired\":true,\"valueName\":\"search_term_string\"}}],\"inLanguage\":\"en-US\"},{\"@type\":\"Organization\",\"@id\":\"https:\/\/artipelag.se\/en\/#organization\",\"name\":\"Artipelag\",\"url\":\"https:\/\/artipelag.se\/en\/\",\"logo\":{\"@type\":\"ImageObject\",\"inLanguage\":\"en-US\",\"@id\":\"https:\/\/artipelag.se\/en\/#\/schema\/logo\/image\/\",\"url\":\"https:\/\/artipelag.se\/app\/uploads\/2015\/09\/logga2.jpg\",\"contentUrl\":\"https:\/\/artipelag.se\/app\/uploads\/2015\/09\/logga2.jpg\",\"width\":700,\"height\":700,\"caption\":\"Artipelag\"},\"image\":{\"@id\":\"https:\/\/artipelag.se\/en\/#\/schema\/logo\/image\/\"},\"sameAs\":[\"https:\/\/www.facebook.com\/artipelag\/\",\"https:\/\/x.com\/artipelag\",\"https:\/\/www.instagram.com\/artipelag\/\",\"https:\/\/www.linkedin.com\/company\/artipelag\",\"https:\/\/www.youtube.com\/user\/ArtipelagSweden\"]}]}<\/script>\n<!-- \/ Yoast SEO Premium plugin. -->","yoast_head_json":{"title":"Dinner concerts at Artipelag - Artipelag","robots":{"index":"index","follow":"follow","max-snippet":"max-snippet:-1","max-image-preview":"max-image-preview:large","max-video-preview":"max-video-preview:-1"},"canonical":"https:\/\/artipelag.se\/en\/art-museum\/previous-events\/dinner-concerts-at-artipelag\/","og_locale":"en_US","og_type":"article","og_title":"Dinner concerts at Artipelag","og_description":"Artipelag is pleased to announce that we will host dinner concerts at Artipelag Restaurant on Saturday 20:th and 27:th of February. The audience will enjoy delicious food and a music program varying from classical to jazz. Price Concert including a three-course dinner: SEK 695\/person (Art.Pass members SEK 595\/person). Bar ticket (concert only): SEK 295\/person. A &hellip; Continued","og_url":"https:\/\/artipelag.se\/en\/art-museum\/previous-events\/dinner-concerts-at-artipelag\/","og_site_name":"Artipelag","article_publisher":"https:\/\/www.facebook.com\/artipelag\/","article_modified_time":"2024-12-23T12:16:43+00:00","og_image":[{"width":1170,"height":488,"url":"https:\/\/artipelag.se\/app\/uploads\/2016\/01\/middagskonsert-ny-1170x488-px.jpg","type":"image\/jpeg"}],"twitter_card":"summary_large_image","twitter_site":"@artipelag","twitter_misc":{"Est. reading time":"2 minutes"},"schema":{"@context":"https:\/\/schema.org","@graph":[{"@type":"WebPage","@id":"https:\/\/artipelag.se\/en\/art-museum\/previous-events\/dinner-concerts-at-artipelag\/","url":"https:\/\/artipelag.se\/en\/art-museum\/previous-events\/dinner-concerts-at-artipelag\/","name":"Dinner concerts at Artipelag - Artipelag","isPartOf":{"@id":"https:\/\/artipelag.se\/en\/#website"},"primaryImageOfPage":{"@id":"https:\/\/artipelag.se\/en\/art-museum\/previous-events\/dinner-concerts-at-artipelag\/#primaryimage"},"image":{"@id":"https:\/\/artipelag.se\/en\/art-museum\/previous-events\/dinner-concerts-at-artipelag\/#primaryimage"},"thumbnailUrl":"https:\/\/cdn.artipelag.se\/app\/uploads\/2016\/01\/middagskonsert-ny-1170x488-px.jpg?strip=all","datePublished":"2016-02-10T12:25:22+00:00","dateModified":"2024-12-23T12:16:43+00:00","breadcrumb":{"@id":"https:\/\/artipelag.se\/en\/art-museum\/previous-events\/dinner-concerts-at-artipelag\/#breadcrumb"},"inLanguage":"en-US","potentialAction":[{"@type":"ReadAction","target":["https:\/\/artipelag.se\/en\/art-museum\/previous-events\/dinner-concerts-at-artipelag\/"]}]},{"@type":"ImageObject","inLanguage":"en-US","@id":"https:\/\/artipelag.se\/en\/art-museum\/previous-events\/dinner-concerts-at-artipelag\/#primaryimage","url":"https:\/\/cdn.artipelag.se\/app\/uploads\/2016\/01\/middagskonsert-ny-1170x488-px.jpg?strip=all","contentUrl":"https:\/\/cdn.artipelag.se\/app\/uploads\/2016\/01\/middagskonsert-ny-1170x488-px.jpg?strip=all","width":1170,"height":488},{"@type":"BreadcrumbList","@id":"https:\/\/artipelag.se\/en\/art-museum\/previous-events\/dinner-concerts-at-artipelag\/#breadcrumb","itemListElement":[{"@type":"ListItem","position":1,"name":"Hem","item":"https:\/\/artipelag.se\/en\/"},{"@type":"ListItem","position":2,"name":"Tidigare evenemang","item":"https:\/\/artipelag.se\/en\/art-museum\/previous-events\/"},{"@type":"ListItem","position":3,"name":"Dinner concerts at Artipelag"}]},{"@type":"WebSite","@id":"https:\/\/artipelag.se\/en\/#website","url":"https:\/\/artipelag.se\/en\/","name":"Artipelag","description":"Artipelag is a new international venue for art, good food, events and activities \u2013 beautifully set on V\u00e4rmd\u00f6 in the Stockholm Archipelago, just 20 minutes from the city centre.","publisher":{"@id":"https:\/\/artipelag.se\/en\/#organization"},"potentialAction":[{"@type":"SearchAction","target":{"@type":"EntryPoint","urlTemplate":"https:\/\/artipelag.se\/en\/?s={search_term_string}"},"query-input":{"@type":"PropertyValueSpecification","valueRequired":true,"valueName":"search_term_string"}}],"inLanguage":"en-US"},{"@type":"Organization","@id":"https:\/\/artipelag.se\/en\/#organization","name":"Artipelag","url":"https:\/\/artipelag.se\/en\/","logo":{"@type":"ImageObject","inLanguage":"en-US","@id":"https:\/\/artipelag.se\/en\/#\/schema\/logo\/image\/","url":"https:\/\/artipelag.se\/app\/uploads\/2015\/09\/logga2.jpg","contentUrl":"https:\/\/artipelag.se\/app\/uploads\/2015\/09\/logga2.jpg","width":700,"height":700,"caption":"Artipelag"},"image":{"@id":"https:\/\/artipelag.se\/en\/#\/schema\/logo\/image\/"},"sameAs":["https:\/\/www.facebook.com\/artipelag\/","https:\/\/x.com\/artipelag","https:\/\/www.instagram.com\/artipelag\/","https:\/\/www.linkedin.com\/company\/artipelag","https:\/\/www.youtube.com\/user\/ArtipelagSweden"]}]}},"_links":{"self":[{"href":"https:\/\/artipelag.se\/en\/wp-json\/wp\/v2\/cpt_events\/11314","targetHints":{"allow":["GET"]}}],"collection":[{"href":"https:\/\/artipelag.se\/en\/wp-json\/wp\/v2\/cpt_events"}],"about":[{"href":"https:\/\/artipelag.se\/en\/wp-json\/wp\/v2\/types\/cpt_events"}],"version-history":[{"count":7,"href":"https:\/\/artipelag.se\/en\/wp-json\/wp\/v2\/cpt_events\/11314\/revisions"}],"predecessor-version":[{"id":77264,"href":"https:\/\/artipelag.se\/en\/wp-json\/wp\/v2\/cpt_events\/11314\/revisions\/77264"}],"wp:featuredmedia":[{"embeddable":true,"href":"https:\/\/artipelag.se\/en\/wp-json\/wp\/v2\/media\/11584"}],"wp:attachment":[{"href":"https:\/\/artipelag.se\/en\/wp-json\/wp\/v2\/media?parent=11314"}],"curies":[{"name":"wp","href":"https:\/\/api.w.org\/{rel}","templated":true}]}}