{"id":73533,"date":"2024-05-31T14:54:10","date_gmt":"2024-05-31T12:54:10","guid":{"rendered":"https:\/\/artipelag.se\/?post_type=activities&#038;p=73533"},"modified":"2024-12-10T11:18:45","modified_gmt":"2024-12-10T10:18:45","slug":"soprano-nina-stemme-at-artipelag","status":"publish","type":"activities","link":"https:\/\/artipelag.se\/en\/at-artipelag\/soprano-nina-stemme-at-artipelag\/","title":{"rendered":"Soprano Nina Stemme at Artipelag"},"content":{"rendered":"<div class=\"wp-block-single-activity-title-sub\">\n      <div class=\"acf-innerblocks-container\">\n<div class=\"max-w-screen-md mt-5 mt-5 mx-auto xl:mt-8 xl:mt-8 mt-5 mx-auto xl:mt-8 first:mt-0\">\n<h2 id=\"final-concert-for-scensommar-2024\" class=\" wp-block-heading\">Final concert for Scensommar 2024<\/h2>\n<\/div>\n<\/div>\n  <\/div>\n\n\n<div class=\"max-w-screen-md mt-5 mx-auto first:mt-0\"><div\n  class=\"prose sm:prose-lg lg:prose-xl\"\n  x-data=\"\"\n  x-init=\"$nextTick(function () {\n    const videoEmbeds = document.querySelectorAll('.wp-block-embed.is-type-video');\n    videoEmbeds.forEach(function (embed) {\n      if (!embed.classList.contains('wp-embed-aspect-16-9') || !embed.classList.contains('wp-has-aspect-ratio')) {\n        embed.classList.add('wp-embed-aspect-16-9', 'wp-has-aspect-ratio');\n      }\n    });\n  })\"\n>\n  \n<p class=\"is-style-lead-text\">This year&#8217;s edition of Scensommar concludes with a truly masterful meeting as one of Sweden&#8217;s internationally most acclaimed dramatic sopranos once again graces Artipelag&#8217;s stage. She is accompanied by pianist Magnus Svensson.<\/p>\n\n<\/div>\n<\/div>\n\n<figure class=\"wp-block-post-featured-image\"><img decoding=\"async\" width=\"1536\" height=\"832\" src=\"https:\/\/artipelag.se\/app\/uploads\/2024\/04\/toppbild-aktiviteter.ninastemme.avif\" class=\"attachment-post-thumbnail size-post-thumbnail wp-post-image\" alt=\"Nina Stemme\" style=\"object-fit:cover;\" \/><\/figure>\n\n<div class=\"wp-block-single-activity-information\">\n    <div class=\"container\">\n      <div class=\"md:flex\">\n        <div class=\"shrink-0 md:w-1\/3\">\n                      <h2 class=\"mb-5 text-xl font-medium text-green-900 md:mr-5 lg:text-3xl\">\n              Information\n            <\/h2>\n                  <\/div>\n\n        <div class=\"w-full\">\n          <div class=\"max-w-screen-md\">\n                          <div class=\"border-b border-gray-300\">\n          <div\n        class=\"border-t border-gray-300\"\n                x-data=\"{ open: true }\"\n              >\n        <button\n          @click=\"open = !open\"\n          class=\"\n            w-full py-4\n            inline-flex items-center\n            font-medium tracking-tight text-md text-left\n            lg:text-lg xl:text-xl\n            focus:outline-none\n          \"\n        >\n          <span class=\"mr-4\">\n            Tickets\n          <\/span>\n          <span\n            class=\"ml-auto\"\n            aria-hidden=\"true\"\n            x-cloak\n            x-nojs-hidden\n          >\n            <span x-show=\"!open\" aria-label=\"Open\">\n              <svg class=\"fill-current\" xmlns=\"http:\/\/www.w3.org\/2000\/svg\" height=\"24px\" viewBox=\"0 0 24 24\" width=\"24px\" fill=\"#000000\">\n  <path d=\"M0 0h24v24H0z\" fill=\"none\"\/><path d=\"M19 13h-6v6h-2v-6H5v-2h6V5h2v6h6v2z\"\/>\n<\/svg>            <\/span>\n            <span x-show=\"open\" aria-label=\"Close\">\n              <svg class=\"fill-current\" xmlns=\"http:\/\/www.w3.org\/2000\/svg\" height=\"24px\" viewBox=\"0 0 24 24\" width=\"24px\" fill=\"#000000\">\n  <path d=\"M0 0h24v24H0z\" fill=\"none\"\/>\n  <path d=\"M19 13H5v-2h14v2z\"\/>\n<\/svg>            <\/span>\n          <\/span>\n        <\/button>\n\n        <div\n          class=\"pr-5\"\n          x-show=\"open\"\n          x-cloak\n        >\n          <div class=\"mb-4\">\n            <div\n  class=\"prose sm:prose-lg lg:prose-xl\"\n  x-data=\"\"\n  x-init=\"$nextTick(function () {\n    const videoEmbeds = document.querySelectorAll('.wp-block-embed.is-type-video');\n    videoEmbeds.forEach(function (embed) {\n      if (!embed.classList.contains('wp-embed-aspect-16-9') || !embed.classList.contains('wp-has-aspect-ratio')) {\n        embed.classList.add('wp-embed-aspect-16-9', 'wp-has-aspect-ratio');\n      }\n    });\n  })\"\n>\n  <p><em>SOLD OUT<\/em><\/p>\n<p>Regular: 395 SEK<br \/>\nSenior (65+): 345 SEK<br \/>\nArt.Pass members: 295 SEK<\/p>\n<p><script async type=\"text\/javascript\" src=\"https:\/\/book.artipelag.se\/en\/widget?token=d3e1f3e9-c52f-45db-93a0-b178d3fbbbe3\"><\/script><span id=\"d3e1f3e9-c52f-45db-93a0-b178d3fbbbe3\"><\/span><\/p>\n<hr class=\"my-4 border-transparent\">\n<\/div>\n          <\/div>\n        <\/div>\n      <\/div>\n          <div\n        class=\"border-t border-gray-300\"\n                x-data=\"{ open: false }\"\n              >\n        <button\n          @click=\"open = !open\"\n          class=\"\n            w-full py-4\n            inline-flex items-center\n            font-medium tracking-tight text-md text-left\n            lg:text-lg xl:text-xl\n            focus:outline-none\n          \"\n        >\n          <span class=\"mr-4\">\n            Date &#038; Time\n          <\/span>\n          <span\n            class=\"ml-auto\"\n            aria-hidden=\"true\"\n            x-cloak\n            x-nojs-hidden\n          >\n            <span x-show=\"!open\" aria-label=\"Open\">\n              <svg class=\"fill-current\" xmlns=\"http:\/\/www.w3.org\/2000\/svg\" height=\"24px\" viewBox=\"0 0 24 24\" width=\"24px\" fill=\"#000000\">\n  <path d=\"M0 0h24v24H0z\" fill=\"none\"\/><path d=\"M19 13h-6v6h-2v-6H5v-2h6V5h2v6h6v2z\"\/>\n<\/svg>            <\/span>\n            <span x-show=\"open\" aria-label=\"Close\">\n              <svg class=\"fill-current\" xmlns=\"http:\/\/www.w3.org\/2000\/svg\" height=\"24px\" viewBox=\"0 0 24 24\" width=\"24px\" fill=\"#000000\">\n  <path d=\"M0 0h24v24H0z\" fill=\"none\"\/>\n  <path d=\"M19 13H5v-2h14v2z\"\/>\n<\/svg>            <\/span>\n          <\/span>\n        <\/button>\n\n        <div\n          class=\"pr-5\"\n          x-show=\"open\"\n          x-cloak\n        >\n          <div class=\"mb-4\">\n            <div\n  class=\"prose sm:prose-lg lg:prose-xl\"\n  x-data=\"\"\n  x-init=\"$nextTick(function () {\n    const videoEmbeds = document.querySelectorAll('.wp-block-embed.is-type-video');\n    videoEmbeds.forEach(function (embed) {\n      if (!embed.classList.contains('wp-embed-aspect-16-9') || !embed.classList.contains('wp-has-aspect-ratio')) {\n        embed.classList.add('wp-embed-aspect-16-9', 'wp-has-aspect-ratio');\n      }\n    });\n  })\"\n>\n  <p>Aug 18, 7.30 PM<\/p>\n<p>The concert is approximately 1,15 hour<\/p>\n<\/div>\n          <\/div>\n        <\/div>\n      <\/div>\n          <div\n        class=\"border-t border-gray-300\"\n                x-data=\"{ open: false }\"\n              >\n        <button\n          @click=\"open = !open\"\n          class=\"\n            w-full py-4\n            inline-flex items-center\n            font-medium tracking-tight text-md text-left\n            lg:text-lg xl:text-xl\n            focus:outline-none\n          \"\n        >\n          <span class=\"mr-4\">\n            Location\n          <\/span>\n          <span\n            class=\"ml-auto\"\n            aria-hidden=\"true\"\n            x-cloak\n            x-nojs-hidden\n          >\n            <span x-show=\"!open\" aria-label=\"Open\">\n              <svg class=\"fill-current\" xmlns=\"http:\/\/www.w3.org\/2000\/svg\" height=\"24px\" viewBox=\"0 0 24 24\" width=\"24px\" fill=\"#000000\">\n  <path d=\"M0 0h24v24H0z\" fill=\"none\"\/><path d=\"M19 13h-6v6h-2v-6H5v-2h6V5h2v6h6v2z\"\/>\n<\/svg>            <\/span>\n            <span x-show=\"open\" aria-label=\"Close\">\n              <svg class=\"fill-current\" xmlns=\"http:\/\/www.w3.org\/2000\/svg\" height=\"24px\" viewBox=\"0 0 24 24\" width=\"24px\" fill=\"#000000\">\n  <path d=\"M0 0h24v24H0z\" fill=\"none\"\/>\n  <path d=\"M19 13H5v-2h14v2z\"\/>\n<\/svg>            <\/span>\n          <\/span>\n        <\/button>\n\n        <div\n          class=\"pr-5\"\n          x-show=\"open\"\n          x-cloak\n        >\n          <div class=\"mb-4\">\n            <div\n  class=\"prose sm:prose-lg lg:prose-xl\"\n  x-data=\"\"\n  x-init=\"$nextTick(function () {\n    const videoEmbeds = document.querySelectorAll('.wp-block-embed.is-type-video');\n    videoEmbeds.forEach(function (embed) {\n      if (!embed.classList.contains('wp-embed-aspect-16-9') || !embed.classList.contains('wp-has-aspect-ratio')) {\n        embed.classList.add('wp-embed-aspect-16-9', 'wp-has-aspect-ratio');\n      }\n    });\n  })\"\n>\n  <p>Konsthallen<\/p>\n<\/div>\n          <\/div>\n        <\/div>\n      <\/div>\n      <\/div>\n                      <\/div>\n        <\/div>\n      <\/div>\n    <\/div>\n  <\/div>\n\n\n<div class=\"wp-block-single-activity-body-content\">\n  <div class=\"container\">\n    <div class=\"md:flex\">\n      <div class=\"shrink-0 md:w-1\/3\">\n                  <h2 class=\"mb-5 text-xl font-medium text-green-900 md:mr-5 lg:text-3xl\">\n            About the concert\n          <\/h2>\n              <\/div>\n\n      <div class=\"w-full\">\n        <div class=\"max-w-screen-md\">\n                                    <div x-data=\"{\n  active: false,\n  folded: false,\n  scrollPosition: 0,\n  toggle() {\n    if (this.folded) {\n      this.scrollPosition = window.pageYOffset || document.documentElement.scrollTop;\n    } else {\n      const y = this.scrollPosition;\n      setTimeout(function() {\n        window.scrollTo(0, y);\n      }, 0);\n    }\n    this.folded = ! this.folded;\n  }\n}\">\n  <div\n        class=\"relative\"\n    :class=\"folded ? 'overflow-hidden h-[50vh]' : ''\"\n    x-ref=\"text\"\n    x-init=\"$nextTick(() => {\n      const height = $refs.text.offsetHeight;\n      const isMobile = window.innerWidth <= 768;\n      active = isMobile &#038;&#038; height > window.innerHeight;\n\n      if (active) {\n        folded = true;\n      } else {\n        folded = false;\n        $refs.toggle.remove();\n        $refs.overlay.remove();\n      }\n    })&#8221;\n  >\n    <div\n  class=\"prose sm:prose-lg lg:prose-xl\"\n  x-data=\"\"\n  x-init=\"$nextTick(function () {\n    const videoEmbeds = document.querySelectorAll('.wp-block-embed.is-type-video');\n    videoEmbeds.forEach(function (embed) {\n      if (!embed.classList.contains('wp-embed-aspect-16-9') || !embed.classList.contains('wp-has-aspect-ratio')) {\n        embed.classList.add('wp-embed-aspect-16-9', 'wp-has-aspect-ratio');\n      }\n    });\n  })\"\n>\n  <div class=\"acf-innerblocks-container\">\n<div class=\"max-w-screen-md mt-5 mx-auto first:mt-0\"><div\n  class=\"prose sm:prose-lg lg:prose-xl\"\n  x-data=\"\"\n  x-init=\"$nextTick(function () {\n    const videoEmbeds = document.querySelectorAll('.wp-block-embed.is-type-video');\n    videoEmbeds.forEach(function (embed) {\n      if (!embed.classList.contains('wp-embed-aspect-16-9') || !embed.classList.contains('wp-has-aspect-ratio')) {\n        embed.classList.add('wp-embed-aspect-16-9', 'wp-has-aspect-ratio');\n      }\n    });\n  })\"\n>\n  \n<p>This year&#8217;s edition of Scensommar concludes with a truly masterful meeting! Nina Stemme, one of Sweden&#8217;s internationally most acclaimed dramatic sopranos, returns to Artipelag. Accompanying her on stage is pianist Magnus Svensson.<\/p>\n\n<\/div>\n<\/div>\n<\/div>\n<\/div>\n\n    <div\n      x-ref=\"overlay\"\n      x-show=\"folded\"\n      class=\"\n        w-full h-32\n        absolute bottom-0 hidden\n        bg-gradient-to-t from-white\n        pointer-events-none\n      \"\n      :class=\"{ 'block': active, 'hidden': ! active}\"\n    >\n    <\/div>\n  <\/div>\n\n  <div\n    x-ref=\"toggle\"\n    :class=\"{ 'block': active, 'hidden': ! active}\"\n    class=\"mt-4 hidden\"\n    x-cloak\n  >\n    <button\n      @click=\"toggle()\"\n            type=\"button\"\n      class=\"\n        w-full py-3 px-5 border border-gray-300\n        text-sm font-medium text-green-600 rounded-sm\n      \"\n      x-text=\"folded ? 'Show more' : 'Show less'\"\n    >\n      Show more\n    <\/button>\n  <\/div>\n<\/div>\n                              <\/div>\n      <\/div>\n    <\/div>\n  <\/div>\n<\/div>\n\n\n<div class=\"wp-block-single-activity-information\">\n    <div class=\"container\">\n      <div class=\"md:flex\">\n        <div class=\"shrink-0 md:w-1\/3\">\n                      <h2 class=\"mb-5 text-xl font-medium text-green-900 md:mr-5 lg:text-3xl\">\n              Participants\n            <\/h2>\n                  <\/div>\n\n        <div class=\"w-full\">\n          <div class=\"max-w-screen-md\">\n                          <div class=\"border-b border-gray-300\">\n          <div\n        class=\"border-t border-gray-300\"\n                x-data=\"{ open: false }\"\n              >\n        <button\n          @click=\"open = !open\"\n          class=\"\n            w-full py-4\n            inline-flex items-center\n            font-medium tracking-tight text-md text-left\n            lg:text-lg xl:text-xl\n            focus:outline-none\n          \"\n        >\n          <span class=\"mr-4\">\n            Nina Stemme\n          <\/span>\n          <span\n            class=\"ml-auto\"\n            aria-hidden=\"true\"\n            x-cloak\n            x-nojs-hidden\n          >\n            <span x-show=\"!open\" aria-label=\"Open\">\n              <svg class=\"fill-current\" xmlns=\"http:\/\/www.w3.org\/2000\/svg\" height=\"24px\" viewBox=\"0 0 24 24\" width=\"24px\" fill=\"#000000\">\n  <path d=\"M0 0h24v24H0z\" fill=\"none\"\/><path d=\"M19 13h-6v6h-2v-6H5v-2h6V5h2v6h6v2z\"\/>\n<\/svg>            <\/span>\n            <span x-show=\"open\" aria-label=\"Close\">\n              <svg class=\"fill-current\" xmlns=\"http:\/\/www.w3.org\/2000\/svg\" height=\"24px\" viewBox=\"0 0 24 24\" width=\"24px\" fill=\"#000000\">\n  <path d=\"M0 0h24v24H0z\" fill=\"none\"\/>\n  <path d=\"M19 13H5v-2h14v2z\"\/>\n<\/svg>            <\/span>\n          <\/span>\n        <\/button>\n\n        <div\n          class=\"pr-5\"\n          x-show=\"open\"\n          x-cloak\n        >\n          <div class=\"mb-4\">\n            <div\n  class=\"prose sm:prose-lg lg:prose-xl\"\n  x-data=\"\"\n  x-init=\"$nextTick(function () {\n    const videoEmbeds = document.querySelectorAll('.wp-block-embed.is-type-video');\n    videoEmbeds.forEach(function (embed) {\n      if (!embed.classList.contains('wp-embed-aspect-16-9') || !embed.classList.contains('wp-has-aspect-ratio')) {\n        embed.classList.add('wp-embed-aspect-16-9', 'wp-has-aspect-ratio');\n      }\n    });\n  })\"\n>\n  <p>Nina Stemme is a prominent Swedish opera singer. She is internationally recognized as one of the world&#8217;s foremost sopranos in the dramatic soprano repertoire. She has performed at many of the world&#8217;s most prestigious opera houses, including the Metropolitan Opera in New York, the Royal Opera House in London, and the Wiener Staatsoper in Vienna. Stemme has been praised for her powerful voice, dramatic interpretations, and stage presence. Her performances have earned her international acclaim and several awards, including the Swedish government&#8217;s honorary award for outstanding contributions to Swedish music export in 2016 and The Birgit Nilsson Prize in 2018.<\/p>\n<\/div>\n          <\/div>\n        <\/div>\n      <\/div>\n          <div\n        class=\"border-t border-gray-300\"\n                x-data=\"{ open: false }\"\n              >\n        <button\n          @click=\"open = !open\"\n          class=\"\n            w-full py-4\n            inline-flex items-center\n            font-medium tracking-tight text-md text-left\n            lg:text-lg xl:text-xl\n            focus:outline-none\n          \"\n        >\n          <span class=\"mr-4\">\n            Magnus Svensson\n          <\/span>\n          <span\n            class=\"ml-auto\"\n            aria-hidden=\"true\"\n            x-cloak\n            x-nojs-hidden\n          >\n            <span x-show=\"!open\" aria-label=\"Open\">\n              <svg class=\"fill-current\" xmlns=\"http:\/\/www.w3.org\/2000\/svg\" height=\"24px\" viewBox=\"0 0 24 24\" width=\"24px\" fill=\"#000000\">\n  <path d=\"M0 0h24v24H0z\" fill=\"none\"\/><path d=\"M19 13h-6v6h-2v-6H5v-2h6V5h2v6h6v2z\"\/>\n<\/svg>            <\/span>\n            <span x-show=\"open\" aria-label=\"Close\">\n              <svg class=\"fill-current\" xmlns=\"http:\/\/www.w3.org\/2000\/svg\" height=\"24px\" viewBox=\"0 0 24 24\" width=\"24px\" fill=\"#000000\">\n  <path d=\"M0 0h24v24H0z\" fill=\"none\"\/>\n  <path d=\"M19 13H5v-2h14v2z\"\/>\n<\/svg>            <\/span>\n          <\/span>\n        <\/button>\n\n        <div\n          class=\"pr-5\"\n          x-show=\"open\"\n          x-cloak\n        >\n          <div class=\"mb-4\">\n            <div\n  class=\"prose sm:prose-lg lg:prose-xl\"\n  x-data=\"\"\n  x-init=\"$nextTick(function () {\n    const videoEmbeds = document.querySelectorAll('.wp-block-embed.is-type-video');\n    videoEmbeds.forEach(function (embed) {\n      if (!embed.classList.contains('wp-embed-aspect-16-9') || !embed.classList.contains('wp-has-aspect-ratio')) {\n        embed.classList.add('wp-embed-aspect-16-9', 'wp-has-aspect-ratio');\n      }\n    });\n  })\"\n>\n  <p>The versatile pianist Magnus Svensson is regarded as one of Scandinavia&#8217;s leading interpreters of the classical piano repertoire. Among the singers he happily collaborates with, especially notable are Bryn Terfel, Ian Bostridge, Pretty Yende, Christoph Pr\u00e8gardien, Dorothea Roschmann, Ann Hallenberg, Johanna Wallroth, Miah Persson, Christina Nilsson, and of course, Nina Stemme<\/p>\n<\/div>\n          <\/div>\n        <\/div>\n      <\/div>\n      <\/div>\n                      <\/div>\n        <\/div>\n      <\/div>\n    <\/div>\n  <\/div>\n","protected":false},"featured_media":72620,"parent":0,"menu_order":18,"template":"","activity_theme":[],"activity_type":[114],"class_list":["post-73533","activities","type-activities","status-publish","has-post-thumbnail","hentry","activity_type-concerts-and-performances"],"acf":[],"yoast_head":"<!-- This site is optimized with the Yoast SEO Premium plugin v26.7 (Yoast SEO v26.7) - https:\/\/yoast.com\/wordpress\/plugins\/seo\/ -->\n<title>Soprano Nina Stemme at Artipelag - Everything at Artipelag - Artipelag<\/title>\n<meta name=\"description\" content=\"Missa inte konserten med sopranen Nina Stemme och pianisten Magnus Svensson p\u00e5 Artipelag. Det blir en of\u00f6rgl\u00f6mlig avslutning p\u00e5 Scensommar.\" \/>\n<meta name=\"robots\" content=\"index, follow, max-snippet:-1, max-image-preview:large, max-video-preview:-1\" \/>\n<link rel=\"canonical\" href=\"https:\/\/artipelag.se\/en\/at-artipelag\/soprano-nina-stemme-at-artipelag\/\" \/>\n<meta property=\"og:locale\" content=\"en_US\" \/>\n<meta property=\"og:type\" content=\"article\" \/>\n<meta property=\"og:title\" content=\"Soprano Nina Stemme at Artipelag - Kalendarium - Artipelag\" \/>\n<meta property=\"og:description\" content=\"Missa inte konserten med sopranen Nina Stemme och pianisten Magnus Svensson p\u00e5 Artipelag. Det blir en of\u00f6rgl\u00f6mlig avslutning p\u00e5 Scensommar.\" \/>\n<meta property=\"og:url\" content=\"https:\/\/artipelag.se\/en\/at-artipelag\/soprano-nina-stemme-at-artipelag\/\" \/>\n<meta property=\"og:site_name\" content=\"Artipelag\" \/>\n<meta property=\"article:publisher\" content=\"https:\/\/www.facebook.com\/artipelag\/\" \/>\n<meta property=\"article:modified_time\" content=\"2024-12-10T10:18:45+00:00\" \/>\n<meta property=\"og:image\" content=\"https:\/\/artipelag.se\/app\/uploads\/2024\/04\/toppbild-aktiviteter.ninastemme.avif\" \/>\n\t<meta property=\"og:image:width\" content=\"1536\" \/>\n\t<meta property=\"og:image:height\" content=\"832\" \/>\n\t<meta property=\"og:image:type\" content=\"image\/jpeg\" \/>\n<meta name=\"twitter:card\" content=\"summary_large_image\" \/>\n<meta name=\"twitter:site\" content=\"@artipelag\" \/>\n<script type=\"application\/ld+json\" class=\"yoast-schema-graph\">{\"@context\":\"https:\/\/schema.org\",\"@graph\":[{\"@type\":\"WebPage\",\"@id\":\"https:\/\/artipelag.se\/en\/at-artipelag\/soprano-nina-stemme-at-artipelag\/\",\"url\":\"https:\/\/artipelag.se\/en\/at-artipelag\/soprano-nina-stemme-at-artipelag\/\",\"name\":\"Soprano Nina Stemme at Artipelag - Everything at Artipelag - Artipelag\",\"isPartOf\":{\"@id\":\"https:\/\/artipelag.se\/en\/#website\"},\"primaryImageOfPage\":{\"@id\":\"https:\/\/artipelag.se\/en\/at-artipelag\/soprano-nina-stemme-at-artipelag\/#primaryimage\"},\"image\":{\"@id\":\"https:\/\/artipelag.se\/en\/at-artipelag\/soprano-nina-stemme-at-artipelag\/#primaryimage\"},\"thumbnailUrl\":\"https:\/\/artipelag.se\/app\/uploads\/2024\/04\/toppbild-aktiviteter.ninastemme.avif\",\"datePublished\":\"2024-05-31T12:54:10+00:00\",\"dateModified\":\"2024-12-10T10:18:45+00:00\",\"description\":\"Missa inte konserten med sopranen Nina Stemme och pianisten Magnus Svensson p\u00e5 Artipelag. Det blir en of\u00f6rgl\u00f6mlig avslutning p\u00e5 Scensommar.\",\"breadcrumb\":{\"@id\":\"https:\/\/artipelag.se\/en\/at-artipelag\/soprano-nina-stemme-at-artipelag\/#breadcrumb\"},\"inLanguage\":\"en-US\",\"potentialAction\":[{\"@type\":\"ReadAction\",\"target\":[\"https:\/\/artipelag.se\/en\/at-artipelag\/soprano-nina-stemme-at-artipelag\/\"]}]},{\"@type\":\"ImageObject\",\"inLanguage\":\"en-US\",\"@id\":\"https:\/\/artipelag.se\/en\/at-artipelag\/soprano-nina-stemme-at-artipelag\/#primaryimage\",\"url\":\"https:\/\/artipelag.se\/app\/uploads\/2024\/04\/toppbild-aktiviteter.ninastemme.avif\",\"contentUrl\":\"https:\/\/artipelag.se\/app\/uploads\/2024\/04\/toppbild-aktiviteter.ninastemme.avif\",\"width\":1536,\"height\":832,\"caption\":\"Nina Stemme\"},{\"@type\":\"BreadcrumbList\",\"@id\":\"https:\/\/artipelag.se\/en\/at-artipelag\/soprano-nina-stemme-at-artipelag\/#breadcrumb\",\"itemListElement\":[{\"@type\":\"ListItem\",\"position\":1,\"name\":\"Hem\",\"item\":\"https:\/\/artipelag.se\/en\/\"},{\"@type\":\"ListItem\",\"position\":2,\"name\":\"Aktiviteter\",\"item\":\"https:\/\/artipelag.se\/en\/at-artipelag\/\"},{\"@type\":\"ListItem\",\"position\":3,\"name\":\"Experiences and concerts\",\"item\":\"https:\/\/artipelag.se\/en\/at-artipelag\/activity\/concerts-and-performances\/\"},{\"@type\":\"ListItem\",\"position\":4,\"name\":\"Soprano Nina Stemme at Artipelag\"}]},{\"@type\":\"WebSite\",\"@id\":\"https:\/\/artipelag.se\/en\/#website\",\"url\":\"https:\/\/artipelag.se\/en\/\",\"name\":\"Artipelag\",\"description\":\"Artipelag is a new international venue for art, good food, events and activities \u2013 beautifully set on V\u00e4rmd\u00f6 in the Stockholm Archipelago, just 20 minutes from the city centre.\",\"publisher\":{\"@id\":\"https:\/\/artipelag.se\/en\/#organization\"},\"potentialAction\":[{\"@type\":\"SearchAction\",\"target\":{\"@type\":\"EntryPoint\",\"urlTemplate\":\"https:\/\/artipelag.se\/en\/?s={search_term_string}\"},\"query-input\":{\"@type\":\"PropertyValueSpecification\",\"valueRequired\":true,\"valueName\":\"search_term_string\"}}],\"inLanguage\":\"en-US\"},{\"@type\":\"Organization\",\"@id\":\"https:\/\/artipelag.se\/en\/#organization\",\"name\":\"Artipelag\",\"url\":\"https:\/\/artipelag.se\/en\/\",\"logo\":{\"@type\":\"ImageObject\",\"inLanguage\":\"en-US\",\"@id\":\"https:\/\/artipelag.se\/en\/#\/schema\/logo\/image\/\",\"url\":\"https:\/\/artipelag.se\/app\/uploads\/2015\/09\/logga2.jpg\",\"contentUrl\":\"https:\/\/artipelag.se\/app\/uploads\/2015\/09\/logga2.jpg\",\"width\":700,\"height\":700,\"caption\":\"Artipelag\"},\"image\":{\"@id\":\"https:\/\/artipelag.se\/en\/#\/schema\/logo\/image\/\"},\"sameAs\":[\"https:\/\/www.facebook.com\/artipelag\/\",\"https:\/\/x.com\/artipelag\",\"https:\/\/www.instagram.com\/artipelag\/\",\"https:\/\/www.linkedin.com\/company\/artipelag\",\"https:\/\/www.youtube.com\/user\/ArtipelagSweden\"]}]}<\/script>\n<!-- \/ Yoast SEO Premium plugin. -->","yoast_head_json":{"title":"Soprano Nina Stemme at Artipelag - Everything at Artipelag - Artipelag","description":"Missa inte konserten med sopranen Nina Stemme och pianisten Magnus Svensson p\u00e5 Artipelag. Det blir en of\u00f6rgl\u00f6mlig avslutning p\u00e5 Scensommar.","robots":{"index":"index","follow":"follow","max-snippet":"max-snippet:-1","max-image-preview":"max-image-preview:large","max-video-preview":"max-video-preview:-1"},"canonical":"https:\/\/artipelag.se\/en\/at-artipelag\/soprano-nina-stemme-at-artipelag\/","og_locale":"en_US","og_type":"article","og_title":"Soprano Nina Stemme at Artipelag - Kalendarium - Artipelag","og_description":"Missa inte konserten med sopranen Nina Stemme och pianisten Magnus Svensson p\u00e5 Artipelag. Det blir en of\u00f6rgl\u00f6mlig avslutning p\u00e5 Scensommar.","og_url":"https:\/\/artipelag.se\/en\/at-artipelag\/soprano-nina-stemme-at-artipelag\/","og_site_name":"Artipelag","article_publisher":"https:\/\/www.facebook.com\/artipelag\/","article_modified_time":"2024-12-10T10:18:45+00:00","og_image":[{"width":1536,"height":832,"url":"https:\/\/artipelag.se\/app\/uploads\/2024\/04\/toppbild-aktiviteter.ninastemme.avif","type":"image\/jpeg"}],"twitter_card":"summary_large_image","twitter_site":"@artipelag","schema":{"@context":"https:\/\/schema.org","@graph":[{"@type":"WebPage","@id":"https:\/\/artipelag.se\/en\/at-artipelag\/soprano-nina-stemme-at-artipelag\/","url":"https:\/\/artipelag.se\/en\/at-artipelag\/soprano-nina-stemme-at-artipelag\/","name":"Soprano Nina Stemme at Artipelag - Everything at Artipelag - Artipelag","isPartOf":{"@id":"https:\/\/artipelag.se\/en\/#website"},"primaryImageOfPage":{"@id":"https:\/\/artipelag.se\/en\/at-artipelag\/soprano-nina-stemme-at-artipelag\/#primaryimage"},"image":{"@id":"https:\/\/artipelag.se\/en\/at-artipelag\/soprano-nina-stemme-at-artipelag\/#primaryimage"},"thumbnailUrl":"https:\/\/artipelag.se\/app\/uploads\/2024\/04\/toppbild-aktiviteter.ninastemme.avif","datePublished":"2024-05-31T12:54:10+00:00","dateModified":"2024-12-10T10:18:45+00:00","description":"Missa inte konserten med sopranen Nina Stemme och pianisten Magnus Svensson p\u00e5 Artipelag. Det blir en of\u00f6rgl\u00f6mlig avslutning p\u00e5 Scensommar.","breadcrumb":{"@id":"https:\/\/artipelag.se\/en\/at-artipelag\/soprano-nina-stemme-at-artipelag\/#breadcrumb"},"inLanguage":"en-US","potentialAction":[{"@type":"ReadAction","target":["https:\/\/artipelag.se\/en\/at-artipelag\/soprano-nina-stemme-at-artipelag\/"]}]},{"@type":"ImageObject","inLanguage":"en-US","@id":"https:\/\/artipelag.se\/en\/at-artipelag\/soprano-nina-stemme-at-artipelag\/#primaryimage","url":"https:\/\/artipelag.se\/app\/uploads\/2024\/04\/toppbild-aktiviteter.ninastemme.avif","contentUrl":"https:\/\/artipelag.se\/app\/uploads\/2024\/04\/toppbild-aktiviteter.ninastemme.avif","width":1536,"height":832,"caption":"Nina Stemme"},{"@type":"BreadcrumbList","@id":"https:\/\/artipelag.se\/en\/at-artipelag\/soprano-nina-stemme-at-artipelag\/#breadcrumb","itemListElement":[{"@type":"ListItem","position":1,"name":"Hem","item":"https:\/\/artipelag.se\/en\/"},{"@type":"ListItem","position":2,"name":"Aktiviteter","item":"https:\/\/artipelag.se\/en\/at-artipelag\/"},{"@type":"ListItem","position":3,"name":"Experiences and concerts","item":"https:\/\/artipelag.se\/en\/at-artipelag\/activity\/concerts-and-performances\/"},{"@type":"ListItem","position":4,"name":"Soprano Nina Stemme at Artipelag"}]},{"@type":"WebSite","@id":"https:\/\/artipelag.se\/en\/#website","url":"https:\/\/artipelag.se\/en\/","name":"Artipelag","description":"Artipelag is a new international venue for art, good food, events and activities \u2013 beautifully set on V\u00e4rmd\u00f6 in the Stockholm Archipelago, just 20 minutes from the city centre.","publisher":{"@id":"https:\/\/artipelag.se\/en\/#organization"},"potentialAction":[{"@type":"SearchAction","target":{"@type":"EntryPoint","urlTemplate":"https:\/\/artipelag.se\/en\/?s={search_term_string}"},"query-input":{"@type":"PropertyValueSpecification","valueRequired":true,"valueName":"search_term_string"}}],"inLanguage":"en-US"},{"@type":"Organization","@id":"https:\/\/artipelag.se\/en\/#organization","name":"Artipelag","url":"https:\/\/artipelag.se\/en\/","logo":{"@type":"ImageObject","inLanguage":"en-US","@id":"https:\/\/artipelag.se\/en\/#\/schema\/logo\/image\/","url":"https:\/\/artipelag.se\/app\/uploads\/2015\/09\/logga2.jpg","contentUrl":"https:\/\/artipelag.se\/app\/uploads\/2015\/09\/logga2.jpg","width":700,"height":700,"caption":"Artipelag"},"image":{"@id":"https:\/\/artipelag.se\/en\/#\/schema\/logo\/image\/"},"sameAs":["https:\/\/www.facebook.com\/artipelag\/","https:\/\/x.com\/artipelag","https:\/\/www.instagram.com\/artipelag\/","https:\/\/www.linkedin.com\/company\/artipelag","https:\/\/www.youtube.com\/user\/ArtipelagSweden"]}]}},"_links":{"self":[{"href":"https:\/\/artipelag.se\/en\/wp-json\/wp\/v2\/activities\/73533","targetHints":{"allow":["GET"]}}],"collection":[{"href":"https:\/\/artipelag.se\/en\/wp-json\/wp\/v2\/activities"}],"about":[{"href":"https:\/\/artipelag.se\/en\/wp-json\/wp\/v2\/types\/activities"}],"version-history":[{"count":4,"href":"https:\/\/artipelag.se\/en\/wp-json\/wp\/v2\/activities\/73533\/revisions"}],"predecessor-version":[{"id":74518,"href":"https:\/\/artipelag.se\/en\/wp-json\/wp\/v2\/activities\/73533\/revisions\/74518"}],"wp:featuredmedia":[{"embeddable":true,"href":"https:\/\/artipelag.se\/en\/wp-json\/wp\/v2\/media\/72620"}],"wp:attachment":[{"href":"https:\/\/artipelag.se\/en\/wp-json\/wp\/v2\/media?parent=73533"}],"wp:term":[{"taxonomy":"activity_theme","embeddable":true,"href":"https:\/\/artipelag.se\/en\/wp-json\/wp\/v2\/activity_theme?post=73533"},{"taxonomy":"activity_type","embeddable":true,"href":"https:\/\/artipelag.se\/en\/wp-json\/wp\/v2\/activity_type?post=73533"}],"curies":[{"name":"wp","href":"https:\/\/api.w.org\/{rel}","templated":true}]}}